{"id":25,"date":"2018-04-21T12:35:57","date_gmt":"2018-04-21T10:35:57","guid":{"rendered":"http:\/\/www.bluehouse.fr\/JB6\/papap\/?page_id=25"},"modified":"2018-07-06T14:48:50","modified_gmt":"2018-07-06T12:48:50","slug":"le-kn-lab","status":"publish","type":"page","link":"https:\/\/www.bluehouse.fr\/JB6\/papap\/le-kn-lab\/","title":{"rendered":"LE KN-lab"},"content":{"rendered":"<p>[et_pb_section bb_built=\u00a0\u00bb1&Prime; specialty=\u00a0\u00bboff\u00a0\u00bb _builder_version=\u00a0\u00bb3.1.1&Prime; custom_margin=\u00a0\u00bb0px||0px|\u00a0\u00bb custom_padding=\u00a0\u00bb0px||0px|\u00a0\u00bb collapsed=\u00a0\u00bbon\u00a0\u00bb next_background_color=\u00a0\u00bb#000000&Prime; global_module=\u00a0\u00bb405&Prime;][et_pb_row global_parent=\u00a0\u00bb405&Prime; _builder_version=\u00a0\u00bb3.1.1&Prime; background_color=\u00a0\u00bb#afafaf\u00a0\u00bb use_background_color_gradient=\u00a0\u00bbon\u00a0\u00bb background_color_gradient_start=\u00a0\u00bb#dddddd\u00a0\u00bb background_color_gradient_end=\u00a0\u00bb#9b9b9b\u00a0\u00bb background_color_gradient_direction=\u00a0\u00bb1deg\u00a0\u00bb background_color_gradient_direction_radial=\u00a0\u00bbtop\u00a0\u00bb make_fullwidth=\u00a0\u00bbon\u00a0\u00bb custom_padding=\u00a0\u00bb0px||10px|\u00a0\u00bb use_custom_gutter=\u00a0\u00bbon\u00a0\u00bb gutter_width=\u00a0\u00bb1&Prime; custom_margin=\u00a0\u00bb0px||0px|\u00a0\u00bb][et_pb_column type=\u00a0\u00bb4_4&Prime;][\/et_pb_column][\/et_pb_row][\/et_pb_section][et_pb_section bb_built=\u00a0\u00bb1&Prime; admin_label=\u00a0\u00bbSection : PAPAP jette les bases\u00a0\u00bb _builder_version=\u00a0\u00bb3.1.1&Prime; background_image=\u00a0\u00bbhttp:\/\/www.bluehouse.fr\/JB6\/papap\/wp-content\/uploads\/2018\/05\/fond-plateforme-2-9.jpg\u00a0\u00bb parallax=\u00a0\u00bbon\u00a0\u00bb parallax_method=\u00a0\u00bboff\u00a0\u00bb custom_margin=\u00a0\u00bb0px|||\u00a0\u00bb custom_padding=\u00a0\u00bb0px|||\u00a0\u00bb filter_brightness=\u00a0\u00bb120%\u00a0\u00bb next_background_color=\u00a0\u00bb#ffffff\u00a0\u00bb prev_background_color=\u00a0\u00bb#ffffff\u00a0\u00bb collapsed=\u00a0\u00bboff\u00a0\u00bb animation_style=\u00a0\u00bbfade\u00a0\u00bb][et_pb_row admin_label=\u00a0\u00bbLigne &#8211; BUR\u00a0\u00bb _builder_version=\u00a0\u00bb3.1.1&Prime; make_fullwidth=\u00a0\u00bbon\u00a0\u00bb use_custom_gutter=\u00a0\u00bbon\u00a0\u00bb gutter_width=\u00a0\u00bb1&Prime; custom_margin=\u00a0\u00bb0px||0px|\u00a0\u00bb custom_padding=\u00a0\u00bb0px||20px|\u00a0\u00bb disabled_on=\u00a0\u00bbon|on|\u00a0\u00bb disabled=\u00a0\u00bboff\u00a0\u00bb collapsed=\u00a0\u00bboff\u00a0\u00bb][et_pb_column type=\u00a0\u00bb1_3&Prime;][et_pb_image _builder_version=\u00a0\u00bb3.1.1&Prime; src=\u00a0\u00bbhttp:\/\/www.bluehouse.fr\/JB6\/papap\/wp-content\/uploads\/2018\/05\/entete-kn1-1.jpg\u00a0\u00bb force_fullwidth=\u00a0\u00bbon\u00a0\u00bb \/][\/et_pb_column][et_pb_column type=\u00a0\u00bb2_3&Prime;][et_pb_image _builder_version=\u00a0\u00bb3.1.1&Prime; src=\u00a0\u00bbhttp:\/\/www.bluehouse.fr\/JB6\/papap\/wp-content\/uploads\/2018\/05\/entete-kn2-1.jpg\u00a0\u00bb force_fullwidth=\u00a0\u00bbon\u00a0\u00bb \/][et_pb_code _builder_version=\u00a0\u00bb3.1.1&Prime;]&lt;body&gt;&lt;!&#8211; [et_pb_line_break_holder] &#8211;&gt;&lt;div class=\u00a0\u00bbjb_image_kn_1&Prime;&gt;&lt;img src=\u00a0\u00bbhttp:\/\/www.bluehouse.fr\/JB6\/papap\/wp-content\/uploads\/2018\/05\/fond-entete-1.jpg\u00a0\u00bb alt=\u00a0\u00bb\u00a0\u00bb class=\u00a0\u00bbjb_responsive_kn_1&Prime;\/&gt;&lt;\/div&gt;&lt;!&#8211; [et_pb_line_break_holder] &#8211;&gt;&lt;div class=\u00a0\u00bbjb_text_kn_1&Prime;&gt; &lt;!&#8211; [et_pb_line_break_holder] &#8211;&gt; &lt;!&#8211; [et_pb_line_break_holder] &#8211;&gt; &lt;p&gt;LE KN-lab&lt;br&gt;CENTRE CHOR\u00c9GRAPHIQUE&lt;\/p&gt;&lt;!&#8211; [et_pb_line_break_holder] &#8211;&gt; &lt;!&#8211; [et_pb_line_break_holder] &#8211;&gt;&lt;\/div&gt;[\/et_pb_code][\/et_pb_column][\/et_pb_row][et_pb_row admin_label=\u00a0\u00bbLigne &#8211; MOBILE\u00a0\u00bb _builder_version=\u00a0\u00bb3.1.1&Prime; make_fullwidth=\u00a0\u00bbon\u00a0\u00bb use_custom_gutter=\u00a0\u00bbon\u00a0\u00bb gutter_width=\u00a0\u00bb1&Prime; custom_margin=\u00a0\u00bb0px||0px|\u00a0\u00bb custom_padding=\u00a0\u00bb0px||20px|\u00a0\u00bb disabled_on=\u00a0\u00bboff|off|on\u00a0\u00bb disabled=\u00a0\u00bboff\u00a0\u00bb collapsed=\u00a0\u00bboff\u00a0\u00bb][et_pb_column type=\u00a0\u00bb4_4&Prime;][et_pb_image _builder_version=\u00a0\u00bb3.1.1&Prime; src=\u00a0\u00bbhttp:\/\/www.bluehouse.fr\/JB6\/papap\/wp-content\/uploads\/2018\/05\/entete-kn1-1.jpg\u00a0\u00bb force_fullwidth=\u00a0\u00bbon\u00a0\u00bb \/][et_pb_code _builder_version=\u00a0\u00bb3.1.1&Prime;]&lt;body&gt;&lt;!&#8211; [et_pb_line_break_holder] &#8211;&gt;&lt;div class=\u00a0\u00bbjb_image_kn_1&Prime;&gt;&lt;img src=\u00a0\u00bbhttp:\/\/www.bluehouse.fr\/JB6\/papap\/wp-content\/uploads\/2018\/05\/fond-entete-1.jpg\u00a0\u00bb alt=\u00a0\u00bb\u00a0\u00bb class=\u00a0\u00bbjb_responsive_kn_1&Prime;\/&gt;&lt;\/div&gt;&lt;!&#8211; [et_pb_line_break_holder] &#8211;&gt;&lt;div class=\u00a0\u00bbjb_text_kn_1&Prime;&gt; &lt;!&#8211; [et_pb_line_break_holder] &#8211;&gt; &lt;!&#8211; [et_pb_line_break_holder] &#8211;&gt; &lt;p&gt;LE KN-lab&lt;br&gt;CENTRE CHOR\u00c9GRAPHIQUE&lt;\/p&gt;&lt;!&#8211; [et_pb_line_break_holder] &#8211;&gt; &lt;!&#8211; [et_pb_line_break_holder] &#8211;&gt;&lt;\/div&gt;[\/et_pb_code][et_pb_image _builder_version=\u00a0\u00bb3.1.1&Prime; src=\u00a0\u00bbhttp:\/\/www.bluehouse.fr\/JB6\/papap\/wp-content\/uploads\/2018\/05\/entete-kn2-1.jpg\u00a0\u00bb force_fullwidth=\u00a0\u00bbon\u00a0\u00bb \/][\/et_pb_column][\/et_pb_row][et_pb_row _builder_version=\u00a0\u00bb3.1.1&Prime; use_custom_gutter=\u00a0\u00bbon\u00a0\u00bb gutter_width=\u00a0\u00bb1&Prime; custom_margin=\u00a0\u00bb0px|||\u00a0\u00bb custom_padding=\u00a0\u00bb0px|||\u00a0\u00bb make_fullwidth=\u00a0\u00bbon\u00a0\u00bb][et_pb_column type=\u00a0\u00bb4_4&Prime;][et_pb_text admin_label=\u00a0\u00bbTexte : PAPAP jette les base\u00a0\u00bb _builder_version=\u00a0\u00bb3.1.1&Prime; module_class=\u00a0\u00bbjb_kn_lab_1 jb_txt_justify\u00a0\u00bb custom_padding=\u00a0\u00bb||20px|\u00a0\u00bb]<\/p>\n<p>PAPAP jette les bases de l\u2019ouverture du centre chor\u00e9graphique et de performance KN-lab. Au c\u0153ur d\u2019un r\u00e9seau d\u2019acteurs \u00e9ducatifs, sociaux, culturels locaux et internationaux, choisi par sa directrice de programmation, Kettly No\u00ebl, cette structure vise \u00e0 offrir une formation de qualit\u00e9 aux amateurs et professionnels, ainsi qu\u2019un espace de r\u00e9flexion et de cr\u00e9ation autour du mouvement et du v\u00e9cu des jeunes en situation de vuln\u00e9rabilit\u00e9. Le programme de formation est bas\u00e9 sur la danse parce que celle-ci permet de r\u00e9v\u00e9ler les fragilit\u00e9s, les contradictions et les tabous d\u2019une soci\u00e9t\u00e9. La diversit\u00e9 des formes et des langues pr\u00e9sent\u00e9es sera enrichie par d\u2019autres disciplines artistiques telles que la photographie et l\u2019art vid\u00e9o avec un haut niveau de qualit\u00e9 et de singularit\u00e9. C\u2019est dans le cadre du PAPAP que le centre chor\u00e9graphique d\u00e9marre ses activit\u00e9s en proposant divers laboratoires d\u2019initiation et de professionnalisation. Ce sera \u00e9galement l\u2019occasion d\u2019auditionner les jeunes de la ville et de choisir un premier groupe pour la formation continue.<\/p>\n<p>[\/et_pb_text][et_pb_text admin_label=\u00a0\u00bbTexte : Me\u0301thodologie d\u2019enseignement\u00a0\u00bb _builder_version=\u00a0\u00bb3.1.1&Prime; text_text_color=\u00a0\u00bb#ffffff\u00a0\u00bb filter_contrast=\u00a0\u00bb157%\u00a0\u00bb custom_margin=\u00a0\u00bb||20px|\u00a0\u00bb]<\/p>\n<p><span class=\"jb_kn_lab_1_2\">Me\u0301thodologie d\u2019enseignement<\/span><\/p>\n<p>[\/et_pb_text][et_pb_text admin_label=\u00a0\u00bbTexte : Discussions, re\u0301flexion et questionnements .\u00a0\u00bb _builder_version=\u00a0\u00bb3.1.1&Prime; module_class=\u00a0\u00bbjb_kn_lab_1 jb_txt_justify\u00a0\u00bb]<\/p>\n<ul>\n<li>Discussions, r\u00e9flexion et questionnements.<\/li>\n<li>\u00c9changes entre les participants et les professionnels sur leurs exp\u00e9riences respectives.<\/li>\n<li>D\u00e9crypter, identifier, analyser<\/li>\n<li>Recherche, fabrication, travaux pratiques, \u00e9criture et espace<\/li>\n<li>Pr\u00e9sentation (tous les travaux qui vont d\u00e9couler de cette \u00e9cole seront pr\u00e9sent\u00e9s au public et chaque repr\u00e9sentation est unique et \u00e9ph\u00e9m\u00e8re). Les participants seront accompagn\u00e9s, \u00e0 travers une \u00e9ducation fonctionnelle et positive, \u00e0 d\u00e9velopper leur sensibilit\u00e9 artistique, en int\u00e9grant l\u2019espace cr\u00e9atif et en d\u00e9veloppant leur sens critique \u00e0 partir de l\u2019\u00e9laboration de leurs exp\u00e9riences propres. Ces formations visent \u00e0 d\u00e9cloisonner les regards des jeunes, \u00e0 favoriser des vocations professionnelles, \u00e0 leur permettre de se red\u00e9finir dans la soci\u00e9t\u00e9 contemporaine, pour devenir des acteurs actifs du d\u00e9veloppement culturel et cr\u00e9atif de leur pays.<\/li>\n<\/ul>\n<p>[\/et_pb_text][\/et_pb_column][\/et_pb_row][\/et_pb_section][et_pb_section bb_built=\u00a0\u00bb1&Prime; specialty=\u00a0\u00bboff\u00a0\u00bb _builder_version=\u00a0\u00bb3.1.1&Prime; custom_margin=\u00a0\u00bb0px||0px|\u00a0\u00bb custom_padding=\u00a0\u00bb0px||0px|\u00a0\u00bb collapsed=\u00a0\u00bbon\u00a0\u00bb prev_background_color=\u00a0\u00bb#000000&Prime; next_background_color=\u00a0\u00bb#000000&Prime; global_module=\u00a0\u00bb405&Prime;][et_pb_row global_parent=\u00a0\u00bb405&Prime; _builder_version=\u00a0\u00bb3.1.1&Prime; background_color=\u00a0\u00bb#afafaf\u00a0\u00bb use_background_color_gradient=\u00a0\u00bbon\u00a0\u00bb background_color_gradient_start=\u00a0\u00bb#dddddd\u00a0\u00bb background_color_gradient_end=\u00a0\u00bb#9b9b9b\u00a0\u00bb background_color_gradient_direction=\u00a0\u00bb1deg\u00a0\u00bb background_color_gradient_direction_radial=\u00a0\u00bbtop\u00a0\u00bb make_fullwidth=\u00a0\u00bbon\u00a0\u00bb custom_padding=\u00a0\u00bb0px||10px|\u00a0\u00bb use_custom_gutter=\u00a0\u00bbon\u00a0\u00bb gutter_width=\u00a0\u00bb1&Prime; custom_margin=\u00a0\u00bb0px||0px|\u00a0\u00bb][et_pb_column type=\u00a0\u00bb4_4&Prime;][\/et_pb_column][\/et_pb_row][\/et_pb_section][et_pb_section bb_built=\u00a0\u00bb1&Prime; admin_label=\u00a0\u00bbSection : Les formations du Centre\u00a0\u00bb specialty=\u00a0\u00bboff\u00a0\u00bb prev_background_color=\u00a0\u00bb#ffffff\u00a0\u00bb _builder_version=\u00a0\u00bb3.3.1&Prime; background_image=\u00a0\u00bbhttp:\/\/www.bluehouse.fr\/JB6\/papap\/wp-content\/uploads\/2018\/05\/fond-donko-9.jpg\u00a0\u00bb parallax_method=\u00a0\u00bboff\u00a0\u00bb custom_margin=\u00a0\u00bb0px||0px|\u00a0\u00bb custom_padding=\u00a0\u00bb0px||0px|\u00a0\u00bb next_background_color=\u00a0\u00bb#ffffff\u00a0\u00bb collapsed=\u00a0\u00bboff\u00a0\u00bb][et_pb_row _builder_version=\u00a0\u00bb3.1.1&Prime; custom_margin=\u00a0\u00bb0px|||\u00a0\u00bb custom_padding=\u00a0\u00bb80px|||\u00a0\u00bb make_fullwidth=\u00a0\u00bbon\u00a0\u00bb use_custom_gutter=\u00a0\u00bbon\u00a0\u00bb gutter_width=\u00a0\u00bb1&Prime;][et_pb_column type=\u00a0\u00bb1_2&Prime;][et_pb_text admin_label=\u00a0\u00bbTexte :Les formations du Centre\u00a0\u00bb _builder_version=\u00a0\u00bb3.1.1&Prime; text_text_color=\u00a0\u00bb#ffffff\u00a0\u00bb custom_padding=\u00a0\u00bb0px|10px||\u00a0\u00bb custom_margin=\u00a0\u00bb0px|||\u00a0\u00bb module_class=\u00a0\u00bbjb_kn_lab_2_1 jb_txt_justify\u00a0\u00bb]<\/p>\n<p>Les formations du Centre chore\u0301graphique et de performance KNlab seront de plusieurs types selon les personnes auxquelles elles s\u2019adressent, jeunes ne\u0301ophytes ou jeunes artistes en voie de professionnalisation.<\/p>\n<p>[\/et_pb_text][et_pb_text admin_label=\u00a0\u00bbTexte :FORMATIONS D\u2019INITIATION\u00a0\u00bb _builder_version=\u00a0\u00bb3.1.1&Prime; module_class=\u00a0\u00bbjb_kn_lab_3&Prime; filter_saturate=\u00a0\u00bb150%\u00a0\u00bb]<\/p>\n<h3>FORMATIONS D\u2019INITIATION<\/h3>\n<p>[\/et_pb_text][et_pb_text admin_label=\u00a0\u00bbTexte :Destine\u0301es a\u0300 des jeunes issus\u00a0\u00bb _builder_version=\u00a0\u00bb3.1.1&Prime; text_text_color=\u00a0\u00bb#ffffff\u00a0\u00bb module_class=\u00a0\u00bbjb_kn_lab_2_1 jb_txt_justify\u00a0\u00bb]<\/p>\n<p>Destin\u00e9es \u00e0 des jeunes issus de toutes couches sociales sans exclusions mais plus particuli\u00e8rement aux jeunes issus des quartiers d\u00e9favoris\u00e9s. \u00c0 travers ces formations d\u2019initiation nous voulons contribuer \u00e0 d\u00e9cloisonner les regards, stimuler les imaginaires et rendre accessible l\u2019Art et la cr\u00e9ativit\u00e9 contemporaine dans une d\u00e9marche non \u00e9litiste.<\/p>\n<p>[\/et_pb_text][et_pb_text admin_label=\u00a0\u00bbTexte :FORMATIONS ET PROFESSIONNALISATION\u00a0\u00bb _builder_version=\u00a0\u00bb3.1.1&Prime; module_class=\u00a0\u00bbjb_kn_lab_3&Prime;]<\/p>\n<h3>FORMATIONS ET PROFESSIONNALISATION<\/h3>\n<p>[\/et_pb_text][et_pb_text admin_label=\u00a0\u00bbTexte :Les jeunes professionnels \u00a0\u00bb _builder_version=\u00a0\u00bb3.1.1&Prime; text_text_color=\u00a0\u00bb#ffffff\u00a0\u00bb module_class=\u00a0\u00bbjb_kn_lab_2_1 jb_txt_justify\u00a0\u00bb]<\/p>\n<p>Les jeunes professionnels et artistes e\u0301mergents de Hai\u0308ti qui ont besoin d\u2019un cadre professionnel pour s\u2019initier, de\u0301velopper et entretenir leur technique, apprendre a\u0300 construire une pie\u0300ce chore\u0301graphique ou une performance en de\u0301veloppant leur imaginaire et leur cre\u0301ativite\u0301.<\/p>\n<p>[\/et_pb_text][et_pb_text admin_label=\u00a0\u00bbTexte :\u00c9GALITE\u0301 DES GENRES\u00a0\u00bb _builder_version=\u00a0\u00bb3.1.1&Prime; module_class=\u00a0\u00bbjb_kn_lab_3&Prime;]<\/p>\n<h3>\u00c9GALITE\u0301 DES GENRES<\/h3>\n<p>[\/et_pb_text][et_pb_text admin_label=\u00a0\u00bbTexte :Une attention particulie\u0300re\u00a0\u00bb _builder_version=\u00a0\u00bb3.1.1&Prime; text_text_color=\u00a0\u00bb#ffffff\u00a0\u00bb module_class=\u00a0\u00bbjb_kn_lab_2_1 jb_txt_justify\u00a0\u00bb]<\/p>\n<p>Une attention particuli\u00e8re est port\u00e9e \u00e0 la question de l\u2019\u00e9galit\u00e9 des genres. La participation des filles et des jeunes femmes en situation de vuln\u00e9rabilit\u00e9 est au centre de notre d\u00e9marche afin de lutter contre les discriminations qui les stigmatisent.<\/p>\n<p>[\/et_pb_text][\/et_pb_column][et_pb_column type=\u00a0\u00bb1_2&Prime;][et_pb_text admin_label=\u00a0\u00bbTexte :DURABILITE\u0301\u00a0\u00bb _builder_version=\u00a0\u00bb3.1.1&Prime; module_class=\u00a0\u00bbjb_kn_lab_3&Prime;]<\/p>\n<h3>DURABILITE\u0301<\/h3>\n<p>[\/et_pb_text][et_pb_text admin_label=\u00a0\u00bbTexte :Les formations du Centre\u00a0\u00bb _builder_version=\u00a0\u00bb3.1.1&Prime; text_text_color=\u00a0\u00bb#ffffff\u00a0\u00bb module_class=\u00a0\u00bbjb_kn_lab_2_2 jb_txt_justify\u00a0\u00bb]<\/p>\n<p>Notre projet \u00e0 l\u2019ambition d\u2019\u00eatre p\u00e9renne et de laisser une trace durable dans le paysage artistique et culturel ha\u00eftien.<br \/>\nLe Centre chor\u00e9graphique et de performance KN-lab commencera ses activit\u00e9s avec la construction d\u2019un plateau ambulant destin\u00e9 \u00e0 se d\u00e9placer d\u2019espace en espace et de quartier en quartier suivi de la mise en oeuvre des premiers laboratoires internationaux et d\u2019une premi\u00e8re s\u00e9lection des groupes de participants.<br \/>\nDes cours seront ensuite propos\u00e9s \u00e0 l\u2019ann\u00e9e sous 2 formes diff\u00e9rentes :<\/p>\n<ul>\n<li>avec un acc\u00e8s libre pour r\u00e9p\u00e9ter et s\u2019entrainer (seul ou collectivement), en favorisant l\u2019\u00e9change, le dialogue et le partage.<\/li>\n<li>sous forme de participation \u00e0 des stages professionnels en danse contemporaine (\u00e9criture et interpr\u00e9tation), dispens\u00e9s par des intervenants internationaux (Cuba, USA, Afrique, Europe) avec une fr\u00e9quence d\u2019au moins une fois par trimestre.<\/li>\n<\/ul>\n<p>Tous les cours et stages seront gratuits avec des participants s\u00e9lectionn\u00e9s selon leur motivation personnelle et en fonction de leur niveau technique et acquis artistiques. Des pr\u00e9sentations publiques r\u00e9guli\u00e8res des cours, des travaux en cours et des formes plus abouties (solos, duos, spectacles courts, extraits, etc &#8230;) seront organis\u00e9es r\u00e9guli\u00e8rement sur place.<br \/>\nLa collaboration avec de nombreux partenaires locaux garantira un soutien technique et logistique.<\/p>\n<p>[\/et_pb_text][\/et_pb_column][\/et_pb_row][et_pb_row _builder_version=\u00a0\u00bb3.1.1&Prime; use_custom_gutter=\u00a0\u00bbon\u00a0\u00bb gutter_width=\u00a0\u00bb1&Prime; custom_margin=\u00a0\u00bb0px||0px|\u00a0\u00bb custom_padding=\u00a0\u00bb0px||0px|\u00a0\u00bb make_fullwidth=\u00a0\u00bbon\u00a0\u00bb][et_pb_column type=\u00a0\u00bb1_3&Prime;][et_pb_image _builder_version=\u00a0\u00bb3.1.1&Prime; src=\u00a0\u00bbhttp:\/\/www.bluehouse.fr\/JB6\/papap\/wp-content\/uploads\/2018\/05\/knlab-3.jpg\u00a0\u00bb force_fullwidth=\u00a0\u00bbon\u00a0\u00bb animation_style=\u00a0\u00bbslide\u00a0\u00bb \/][\/et_pb_column][et_pb_column type=\u00a0\u00bb1_3&Prime;][et_pb_image _builder_version=\u00a0\u00bb3.1.1&Prime; src=\u00a0\u00bbhttp:\/\/www.bluehouse.fr\/JB6\/papap\/wp-content\/uploads\/2018\/05\/knlab-4.jpg\u00a0\u00bb force_fullwidth=\u00a0\u00bbon\u00a0\u00bb animation_style=\u00a0\u00bbslide\u00a0\u00bb animation_delay=\u00a0\u00bb250ms\u00a0\u00bb \/][\/et_pb_column][et_pb_column type=\u00a0\u00bb1_3&Prime;][et_pb_image _builder_version=\u00a0\u00bb3.1.1&Prime; src=\u00a0\u00bbhttp:\/\/www.bluehouse.fr\/JB6\/papap\/wp-content\/uploads\/2018\/05\/knlab-5.jpg\u00a0\u00bb force_fullwidth=\u00a0\u00bbon\u00a0\u00bb animation_style=\u00a0\u00bbslide\u00a0\u00bb animation_delay=\u00a0\u00bb500ms\u00a0\u00bb \/][\/et_pb_column][\/et_pb_row][\/et_pb_section][et_pb_section bb_built=\u00a0\u00bb1&Prime; specialty=\u00a0\u00bboff\u00a0\u00bb _builder_version=\u00a0\u00bb3.1.1&Prime; custom_margin=\u00a0\u00bb0px||0px|\u00a0\u00bb custom_padding=\u00a0\u00bb0px||0px|\u00a0\u00bb collapsed=\u00a0\u00bbon\u00a0\u00bb prev_background_color=\u00a0\u00bb#000000&Prime; next_background_color=\u00a0\u00bb#000000&Prime; global_module=\u00a0\u00bb405&Prime;][et_pb_row global_parent=\u00a0\u00bb405&Prime; _builder_version=\u00a0\u00bb3.1.1&Prime; background_color=\u00a0\u00bb#afafaf\u00a0\u00bb use_background_color_gradient=\u00a0\u00bbon\u00a0\u00bb background_color_gradient_start=\u00a0\u00bb#dddddd\u00a0\u00bb background_color_gradient_end=\u00a0\u00bb#9b9b9b\u00a0\u00bb background_color_gradient_direction=\u00a0\u00bb1deg\u00a0\u00bb background_color_gradient_direction_radial=\u00a0\u00bbtop\u00a0\u00bb make_fullwidth=\u00a0\u00bbon\u00a0\u00bb custom_padding=\u00a0\u00bb0px||10px|\u00a0\u00bb use_custom_gutter=\u00a0\u00bbon\u00a0\u00bb gutter_width=\u00a0\u00bb1&Prime; custom_margin=\u00a0\u00bb0px||0px|\u00a0\u00bb][et_pb_column type=\u00a0\u00bb4_4&Prime;][\/et_pb_column][\/et_pb_row][\/et_pb_section][et_pb_section bb_built=\u00a0\u00bb1&Prime; admin_label=\u00a0\u00bbSection :PRESENTATION DES LABORATOIRES\u00a0\u00bb specialty=\u00a0\u00bboff\u00a0\u00bb prev_background_color=\u00a0\u00bb#ffffff\u00a0\u00bb _builder_version=\u00a0\u00bb3.3.1&Prime; background_image=\u00a0\u00bbhttp:\/\/www.bluehouse.fr\/JB6\/papap\/wp-content\/uploads\/2018\/05\/fond-donko-9.jpg\u00a0\u00bb parallax_method=\u00a0\u00bboff\u00a0\u00bb custom_margin=\u00a0\u00bb0px||0px|\u00a0\u00bb custom_padding=\u00a0\u00bb0px||0px|\u00a0\u00bb next_background_color=\u00a0\u00bb#ffffff\u00a0\u00bb collapsed=\u00a0\u00bboff\u00a0\u00bb][et_pb_row _builder_version=\u00a0\u00bb3.1.1&Prime; custom_margin=\u00a0\u00bb0px||0px|\u00a0\u00bb custom_padding=\u00a0\u00bb10px||0px|\u00a0\u00bb gutter_width=\u00a0\u00bb1&Prime; use_custom_gutter=\u00a0\u00bbon\u00a0\u00bb make_fullwidth=\u00a0\u00bbon\u00a0\u00bb][et_pb_column type=\u00a0\u00bb2_3&Prime;][et_pb_text admin_label=\u00a0\u00bbTexte : PRESENTATION DES LABORATOIRES\u00a0\u00bb _builder_version=\u00a0\u00bb3.1.1&Prime; header_text_color=\u00a0\u00bb#ffffff\u00a0\u00bb custom_padding=\u00a0\u00bb60px|||\u00a0\u00bb background_image=\u00a0\u00bbhttp:\/\/www.bluehouse.fr\/JB6\/papap\/wp-content\/uploads\/2018\/05\/fond-plateforme-1-3.jpg\u00a0\u00bb custom_margin=\u00a0\u00bb-10px|||\u00a0\u00bb module_class=\u00a0\u00bbjb_kn_lab_4&Prime;]<\/p>\n<h1>PR\u00c9SENTATION DES LABORATOIRES<\/h1>\n<p>[\/et_pb_text][et_pb_text admin_label=\u00a0\u00bbTexte : Laboratoire d\u2019initiation et d\u2019insertion sociale\u00a0\u00bb _builder_version=\u00a0\u00bb3.1.1&Prime; header_4_text_color=\u00a0\u00bb#ffffff\u00a0\u00bb text_text_color=\u00a0\u00bb#ffffff\u00a0\u00bb]<\/p>\n<div class=\"bloc_1\"><\/div>\n<div class=\"jb_kt_cartouche_1\"><\/div>\n<div class=\"jb_kt_txt_titre_1\">Laboratoire d\u2019initiation et d\u2019insertion sociale<\/div>\n<p>[\/et_pb_text][et_pb_text admin_label=\u00a0\u00bbTexte : Cours techniques sur les base\u00a0\u00bb _builder_version=\u00a0\u00bb3.1.1&Prime; text_text_color=\u00a0\u00bb#ffffff\u00a0\u00bb custom_padding=\u00a0\u00bb|20px|20px|\u00a0\u00bb module_class=\u00a0\u00bbjb_kn_lab_4 jb_txt_justify\u00a0\u00bb]<\/p>\n<ul>\n<li>Cours techniques sur les bases initiales de la danse contemporaine<\/li>\n<li>Travail d\u2019atelier de recherche et de cr\u00e9ation. Dans un cadre professionnel concevoir, \u00e9crire et pr\u00e9senter un premier travail d\u2019\u00e9criture chor\u00e9graphique.<\/li>\n<\/ul>\n<p>Cette approche se fait \u00e0 partir du quotidien, des jeux, du rapport \u00e0 l\u2019autre \u00e0 traduire dans un langage corporel et sc\u00e9nique. Restitution publique dans le cadre de la plateforme et du festival. Cible : les jeunes filles des quartiers populaires<\/p>\n<p>[\/et_pb_text][et_pb_text admin_label=\u00a0\u00bbTexte : Laboratoire d\u2019approfondissement des techniques\u00a0\u00bb _builder_version=\u00a0\u00bb3.1.1&Prime; header_4_text_color=\u00a0\u00bb#ffffff\u00a0\u00bb text_text_color=\u00a0\u00bb#ffffff\u00a0\u00bb]<\/p>\n<div class=\"bloc_1\"><\/div>\n<div class=\"jb_kt_cartouche_1\"><\/div>\n<div class=\"jb_kt_txt_titre_1\">Laboratoire d\u2019approfondissement des techniques<\/div>\n<p>[\/et_pb_text][et_pb_text admin_label=\u00a0\u00bbTexte : Cours techniques sur les base Faire acce\u0301der\u00a0\u00bb _builder_version=\u00a0\u00bb3.1.1&Prime; text_orientation=\u00a0\u00bbjustified\u00a0\u00bb text_text_color=\u00a0\u00bb#ffffff\u00a0\u00bb custom_padding=\u00a0\u00bb|20px|20px|\u00a0\u00bb module_class=\u00a0\u00bbjb_kn_lab_4 jb_txt_justify\u00a0\u00bb]<\/p>\n<ul>\n<li>Cours technique de base : Faire acc\u00e9der les participants aux nouvelles techniques de recherche, d\u2019improvisation et d\u2019\u00e9criture.<\/li>\n<li>Travail d\u2019atelier : les amener \u00e0 travailler seuls, en bin\u00f4me ou \u00e0 plusieurs et leur donner des cl\u00e9s pour arriver \u00e0 un r\u00e9sultat imm\u00e9diat.<\/li>\n<li>Cible : les danseurs professionnels, les danseurs et les com\u00e9diens d\u00e9j\u00e0 en formation (des \u00e9coles, des compagnies et des troupes)<\/li>\n<\/ul>\n<p>[\/et_pb_text][et_pb_text admin_label=\u00a0\u00bbTexte : Laboratoire de transmission\u00a0\u00bb _builder_version=\u00a0\u00bb3.1.1&Prime; header_4_text_color=\u00a0\u00bb#ffffff\u00a0\u00bb text_text_color=\u00a0\u00bb#ffffff\u00a0\u00bb]<\/p>\n<div class=\"bloc_1\"><\/div>\n<div class=\"jb_kt_cartouche_1\"><\/div>\n<div class=\"jb_kt_txt_titre_1\">Laboratoire de transmission<\/div>\n<p>[\/et_pb_text][et_pb_text admin_label=\u00a0\u00bbTexte : Mise en relation entr\u00a0\u00bb _builder_version=\u00a0\u00bb3.1.1&Prime; text_orientation=\u00a0\u00bbjustified\u00a0\u00bb text_text_color=\u00a0\u00bb#ffffff\u00a0\u00bb custom_padding=\u00a0\u00bb|20px|20px|\u00a0\u00bb module_class=\u00a0\u00bbjb_kn_lab_4 jb_txt_justify\u00a0\u00bb]<\/p>\n<p>Mise en relation entre le chor\u00e9graphe et le futur interpr\u00e8te en amont.<\/p>\n<ul>\n<li>Cours technique sur la chor\u00e9graphie du spectacle<\/li>\n<li>Travail d\u2019atelier : d\u00e9passer le simple exercice de passation en entrainant des nouvelles r\u00e9flexions. Etablir une relation et un dialogue entre le chor\u00e9graphe et l\u2019interpr\u00e8te \u00e0 travers la pi\u00e8ce. Organiser, d\u00e9placer, adapter, trouver les \u00e9l\u00e9ments pour arriver \u00e0 un r\u00e9sultat imm\u00e9diat.<\/li>\n<\/ul>\n<p>Cible : 3 jeunes danseurs ha\u00eftiens<\/p>\n<p>[\/et_pb_text][et_pb_text admin_label=\u00a0\u00bbTexte : Laboratoire de danses traditionnelles\u00a0\u00bb _builder_version=\u00a0\u00bb3.1.1&Prime; header_4_text_color=\u00a0\u00bb#ffffff\u00a0\u00bb text_text_color=\u00a0\u00bb#ffffff\u00a0\u00bb]<\/p>\n<div class=\"bloc_1\"><\/div>\n<div class=\"jb_kt_cartouche_1\"><\/div>\n<div class=\"jb_kt_txt_titre_1\">Laboratoire de danses traditionnelles<\/div>\n<p>[\/et_pb_text][et_pb_text admin_label=\u00a0\u00bbTexte : Ce sont les danseurs\u00a0\u00bb _builder_version=\u00a0\u00bb3.1.1&Prime; text_orientation=\u00a0\u00bbjustified\u00a0\u00bb text_text_color=\u00a0\u00bb#ffffff\u00a0\u00bb custom_padding=\u00a0\u00bb|20px|20px|\u00a0\u00bb module_class=\u00a0\u00bbjb_kn_lab_4 jb_txt_justify\u00a0\u00bb]<\/p>\n<p>Ce sont les danseurs de la plateforme qui vont \u00e9changer autour des danses traditionnelles africaines et carib\u00e9ennes.<\/p>\n<ul>\n<li>Cours techniques des diff\u00e9rentes danses traditionnelles<\/li>\n<li>Travail d\u2019atelier : \u00e9change et partage de leur patrimoine respectif<\/li>\n<\/ul>\n<p>Restitution collective dans une Battle<\/p>\n<p>[\/et_pb_text][\/et_pb_column][et_pb_column type=\u00a0\u00bb1_3&Prime;][et_pb_image _builder_version=\u00a0\u00bb3.1.1&Prime; src=\u00a0\u00bbhttp:\/\/www.bluehouse.fr\/JB6\/papap\/wp-content\/uploads\/2018\/05\/knlab-9-1.jpg\u00a0\u00bb custom_margin=\u00a0\u00bb-10px|||\u00a0\u00bb custom_padding=\u00a0\u00bb0px|||\u00a0\u00bb force_fullwidth=\u00a0\u00bbon\u00a0\u00bb \/][et_pb_image _builder_version=\u00a0\u00bb3.1.1&Prime; src=\u00a0\u00bbhttp:\/\/www.bluehouse.fr\/JB6\/papap\/wp-content\/uploads\/2018\/05\/knlab-6.jpg\u00a0\u00bb force_fullwidth=\u00a0\u00bbon\u00a0\u00bb animation_style=\u00a0\u00bbslide\u00a0\u00bb animation_delay=\u00a0\u00bb250ms\u00a0\u00bb \/][et_pb_image _builder_version=\u00a0\u00bb3.1.1&Prime; src=\u00a0\u00bbhttp:\/\/www.bluehouse.fr\/JB6\/papap\/wp-content\/uploads\/2018\/05\/knlab-7.jpg\u00a0\u00bb force_fullwidth=\u00a0\u00bbon\u00a0\u00bb animation_style=\u00a0\u00bbslide\u00a0\u00bb animation_delay=\u00a0\u00bb500ms\u00a0\u00bb \/][et_pb_image _builder_version=\u00a0\u00bb3.1.1&Prime; src=\u00a0\u00bbhttp:\/\/www.bluehouse.fr\/JB6\/papap\/wp-content\/uploads\/2018\/05\/knlab-8.jpg\u00a0\u00bb force_fullwidth=\u00a0\u00bbon\u00a0\u00bb animation_style=\u00a0\u00bbslide\u00a0\u00bb animation_delay=\u00a0\u00bb750ms\u00a0\u00bb \/][et_pb_image _builder_version=\u00a0\u00bb3.1.1&Prime; src=\u00a0\u00bbhttp:\/\/www.bluehouse.fr\/JB6\/papap\/wp-content\/uploads\/2018\/05\/knlab-9-1.jpg\u00a0\u00bb custom_margin=\u00a0\u00bb-10px|||\u00a0\u00bb custom_padding=\u00a0\u00bb0px|||\u00a0\u00bb force_fullwidth=\u00a0\u00bbon\u00a0\u00bb \/][\/et_pb_column][\/et_pb_row][\/et_pb_section][et_pb_section bb_built=\u00a0\u00bb1&Prime; specialty=\u00a0\u00bboff\u00a0\u00bb _builder_version=\u00a0\u00bb3.1.1&Prime; custom_margin=\u00a0\u00bb0px||0px|\u00a0\u00bb custom_padding=\u00a0\u00bb0px||0px|\u00a0\u00bb collapsed=\u00a0\u00bbon\u00a0\u00bb prev_background_color=\u00a0\u00bb#000000&Prime; next_background_color=\u00a0\u00bb#000000&Prime; global_module=\u00a0\u00bb405&Prime;][et_pb_row global_parent=\u00a0\u00bb405&Prime; _builder_version=\u00a0\u00bb3.1.1&Prime; background_color=\u00a0\u00bb#afafaf\u00a0\u00bb use_background_color_gradient=\u00a0\u00bbon\u00a0\u00bb background_color_gradient_start=\u00a0\u00bb#dddddd\u00a0\u00bb background_color_gradient_end=\u00a0\u00bb#9b9b9b\u00a0\u00bb background_color_gradient_direction=\u00a0\u00bb1deg\u00a0\u00bb background_color_gradient_direction_radial=\u00a0\u00bbtop\u00a0\u00bb make_fullwidth=\u00a0\u00bbon\u00a0\u00bb custom_padding=\u00a0\u00bb0px||10px|\u00a0\u00bb use_custom_gutter=\u00a0\u00bbon\u00a0\u00bb gutter_width=\u00a0\u00bb1&Prime; custom_margin=\u00a0\u00bb0px||0px|\u00a0\u00bb][et_pb_column type=\u00a0\u00bb4_4&Prime;][\/et_pb_column][\/et_pb_row][\/et_pb_section][et_pb_section bb_built=\u00a0\u00bb1&Prime; admin_label=\u00a0\u00bbSection : Laboratoire de l\u2019artiste\u00a0\u00bb specialty=\u00a0\u00bboff\u00a0\u00bb prev_background_color=\u00a0\u00bb#ffffff\u00a0\u00bb _builder_version=\u00a0\u00bb3.3.1&Prime; background_image=\u00a0\u00bbhttp:\/\/www.bluehouse.fr\/JB6\/papap\/wp-content\/uploads\/2018\/05\/fond-plateforme-2-9.jpg\u00a0\u00bb filter_brightness=\u00a0\u00bb120%\u00a0\u00bb custom_margin=\u00a0\u00bb0px||0px|\u00a0\u00bb custom_padding=\u00a0\u00bb0px||0px|\u00a0\u00bb parallax_method=\u00a0\u00bboff\u00a0\u00bb next_background_color=\u00a0\u00bb#ffffff\u00a0\u00bb collapsed=\u00a0\u00bboff\u00a0\u00bb][et_pb_row admin_label=\u00a0\u00bbLigne BUR\u00a0\u00bb _builder_version=\u00a0\u00bb3.1.1&Prime; use_custom_gutter=\u00a0\u00bbon\u00a0\u00bb gutter_width=\u00a0\u00bb1&Prime; custom_margin=\u00a0\u00bb0px|||\u00a0\u00bb custom_padding=\u00a0\u00bb0px|||\u00a0\u00bb make_fullwidth=\u00a0\u00bbon\u00a0\u00bb disabled_on=\u00a0\u00bbon|on|\u00a0\u00bb disabled=\u00a0\u00bboff\u00a0\u00bb collapsed=\u00a0\u00bboff\u00a0\u00bb][et_pb_column type=\u00a0\u00bb2_5&Prime;][et_pb_image _builder_version=\u00a0\u00bb3.1.1&Prime; src=\u00a0\u00bbhttp:\/\/www.bluehouse.fr\/JB6\/papap\/wp-content\/uploads\/2018\/05\/knlab-10-1.jpg\u00a0\u00bb force_fullwidth=\u00a0\u00bbon\u00a0\u00bb \/][et_pb_image _builder_version=\u00a0\u00bb3.1.1&Prime; src=\u00a0\u00bbhttp:\/\/www.bluehouse.fr\/JB6\/papap\/wp-content\/uploads\/2018\/05\/knlab-11.jpg\u00a0\u00bb force_fullwidth=\u00a0\u00bbon\u00a0\u00bb animation_style=\u00a0\u00bbslide\u00a0\u00bb animation_direction=\u00a0\u00bbleft\u00a0\u00bb \/][et_pb_image _builder_version=\u00a0\u00bb3.1.1&Prime; src=\u00a0\u00bbhttp:\/\/www.bluehouse.fr\/JB6\/papap\/wp-content\/uploads\/2018\/05\/knlab-10-1.jpg\u00a0\u00bb force_fullwidth=\u00a0\u00bbon\u00a0\u00bb \/][\/et_pb_column][et_pb_column type=\u00a0\u00bb3_5&Prime;][et_pb_text admin_label=\u00a0\u00bbTexte : Laboratoire de l\u2019artiste\u00a0\u00bb _builder_version=\u00a0\u00bb3.1.1&Prime; text_text_color=\u00a0\u00bb#ffffff\u00a0\u00bb module_class=\u00a0\u00bbhighlight_kn_lab_3&Prime; custom_margin=\u00a0\u00bb40px|||\u00a0\u00bb]<\/p>\n<p>Laboratoire de l\u2019artiste<\/p>\n<p>[\/et_pb_text][et_pb_text admin_label=\u00a0\u00bbTexte : Chaque artiste est invite\u0301 a\u0300\u00a0\u00bb _builder_version=\u00a0\u00bb3.1.1&Prime; text_orientation=\u00a0\u00bbjustified\u00a0\u00bb custom_padding=\u00a0\u00bb20px||20px|30px\u00a0\u00bb module_class=\u00a0\u00bbjb_kn_lab_5&Prime;]<\/p>\n<p>Chaque artiste est invite\u0301 a\u0300 pre\u0301senter son travail et son processus de cre\u0301ation devant le public et les danseurs de la formation et de la plateforme.<\/p>\n<p>[\/et_pb_text][et_pb_text admin_label=\u00a0\u00bbTexte : Laboratoire de la pense\u0301e\u00a0\u00bb _builder_version=\u00a0\u00bb3.1.1&Prime; text_text_color=\u00a0\u00bb#ffffff\u00a0\u00bb module_class=\u00a0\u00bbhighlight_kn_lab_3&Prime;]<\/p>\n<p>Laboratoire de la pens\u00e9e<\/p>\n<p>[\/et_pb_text][et_pb_text admin_label=\u00a0\u00bbTexte : Un laboratoire de la pense\u0301e sera organise\u0301 \u00a0\u00bb _builder_version=\u00a0\u00bb3.1.1&Prime; text_orientation=\u00a0\u00bbjustified\u00a0\u00bb custom_padding=\u00a0\u00bb20px||20px|30px\u00a0\u00bb module_class=\u00a0\u00bbjb_kn_lab_5&Prime;]<\/p>\n<p>Un laboratoire de la pens\u00e9e sera organis\u00e9 dans une optique r\u00e9flexive pour d\u00e9battre et interroger Ha\u00efti, sa soci\u00e9t\u00e9, ses diff\u00e9rents clivages et refabriquer le regard que le peuple a sur lui-m\u00eame et sur le monde. Dans le contexte ha\u00eftien, la coh\u00e9sion sociale et l\u2019inclusion sont des enjeux importants, ainsi que le renouvellement des cultures et imaginaires si l\u2019on souhaite obtenir un climat favorable au d\u00e9bat d\u2019id\u00e9es.<br \/>\nCe laboratoire sera un lieu pour parler et dire, un grand d\u00e9bat avec les intellectuels et penseurs ha\u00eftiens entour\u00e9s d\u2019intellectuels internationaux (\u00e9conomistes, penseurs, chercheurs etc.) pour discuter de Ha\u00efti face au reste du monde.<\/p>\n<p><strong>Th\u00e9matique <\/strong><\/p>\n<p>Ha\u00efti et le monde, comment sortir du discours victimaire. La pauvret\u00e9, l\u2019humanitaire et les s\u00e9quelles post-coloniales. Identit\u00e9s, races, communaut\u00e9s : comment refonder une unit\u00e9 populaire ha\u00eftienne solidaire. Lutter contre la logique de la soci\u00e9t\u00e9 s\u00e9par\u00e9e, retrouver une d\u00e9marche du commun et de l\u2019entraide.<\/p>\n<p>[\/et_pb_text][et_pb_text admin_label=\u00a0\u00bbTexte : 2 jours (3h\/jour) Ouvert a\u0300 tous les publics\u00a0\u00bb _builder_version=\u00a0\u00bb3.1.1&Prime; text_text_color=\u00a0\u00bb#ffffff\u00a0\u00bb module_class=\u00a0\u00bbhighlight_kn_lab_3_1&Prime; text_orientation=\u00a0\u00bbright\u00a0\u00bb]<\/p>\n<p style=\"text-align: right;\">2 jours (3h\/jour) Ouvert a\u0300 tous les publics<\/p>\n<p>[\/et_pb_text][et_pb_text admin_label=\u00a0\u00bbTexte : Invite\u0301 spe\u0301cial\u00a0\u00bb _builder_version=\u00a0\u00bb3.1.1&Prime; text_orientation=\u00a0\u00bbjustified\u00a0\u00bb custom_padding=\u00a0\u00bb20px||20px|30px\u00a0\u00bb module_class=\u00a0\u00bbjb_kn_lab_5&Prime;]<\/p>\n<p>Invite\u0301 spe\u0301cial : <strong>Felwine Sarr<\/strong> (e\u0301crivain, e\u0301conomiste, universitaire et musicien)<br \/>\nMode\u0301ratrice: <strong>Vale\u0301rie Marin La Mesle\u0301e<\/strong> (journaliste litte\u0301raire au journal \u201cLe Point\u201d)<\/p>\n<p>Intervenants (sous re\u0301serve) : Yannick Lahens, Miche\u0300le Duvivier Pierre-Louis, James Noe\u0308l, Le\u0301o Jean-Baptiste, Lionel Trouillot, Eva Doumbia.<\/p>\n<p>[\/et_pb_text][\/et_pb_column][\/et_pb_row][et_pb_row admin_label=\u00a0\u00bbLigne MOBILE\u00a0\u00bb _builder_version=\u00a0\u00bb3.1.1&Prime; use_custom_gutter=\u00a0\u00bbon\u00a0\u00bb gutter_width=\u00a0\u00bb1&Prime; custom_margin=\u00a0\u00bb0px|||\u00a0\u00bb custom_padding=\u00a0\u00bb0px|||\u00a0\u00bb make_fullwidth=\u00a0\u00bbon\u00a0\u00bb disabled_on=\u00a0\u00bb||on\u00a0\u00bb disabled=\u00a0\u00bboff\u00a0\u00bb][et_pb_column type=\u00a0\u00bb4_4&Prime;][et_pb_image _builder_version=\u00a0\u00bb3.1.1&Prime; src=\u00a0\u00bbhttp:\/\/www.bluehouse.fr\/JB6\/papap\/wp-content\/uploads\/2018\/05\/knlab-10-1.jpg\u00a0\u00bb force_fullwidth=\u00a0\u00bbon\u00a0\u00bb \/][et_pb_text admin_label=\u00a0\u00bbTexte : Laboratoire de l\u2019artiste\u00a0\u00bb _builder_version=\u00a0\u00bb3.1.1&Prime; text_text_color=\u00a0\u00bb#ffffff\u00a0\u00bb module_class=\u00a0\u00bbhighlight_kn_lab_3&Prime; custom_margin=\u00a0\u00bb40px|||\u00a0\u00bb]<\/p>\n<p>Laboratoire de l\u2019artiste<\/p>\n<p>[\/et_pb_text][et_pb_text admin_label=\u00a0\u00bbTexte : Chaque artiste est invite\u0301 a\u0300\u00a0\u00bb _builder_version=\u00a0\u00bb3.1.1&Prime; text_orientation=\u00a0\u00bbjustified\u00a0\u00bb custom_padding=\u00a0\u00bb20px||20px|30px\u00a0\u00bb module_class=\u00a0\u00bbjb_kn_lab_5&Prime;]<\/p>\n<p>Chaque artiste est invite\u0301 a\u0300 pre\u0301senter son travail et son processus de cre\u0301ation devant le public et les danseurs de la formation et de la plateforme.<\/p>\n<p>[\/et_pb_text][et_pb_text admin_label=\u00a0\u00bbTexte : Laboratoire de la pense\u0301e\u00a0\u00bb _builder_version=\u00a0\u00bb3.1.1&Prime; text_text_color=\u00a0\u00bb#ffffff\u00a0\u00bb module_class=\u00a0\u00bbhighlight_kn_lab_3&Prime;]<\/p>\n<p>Laboratoire de la pense\u0301e<\/p>\n<p>[\/et_pb_text][et_pb_text admin_label=\u00a0\u00bbTexte : Un laboratoire de la pense\u0301e sera organise\u0301 \u00a0\u00bb _builder_version=\u00a0\u00bb3.1.1&Prime; text_orientation=\u00a0\u00bbjustified\u00a0\u00bb custom_padding=\u00a0\u00bb20px||20px|30px\u00a0\u00bb module_class=\u00a0\u00bbjb_kn_lab_5&Prime;]<\/p>\n<p>Un laboratoire de la pens\u00e9e sera organis\u00e9 dans une optique r\u00e9flexive pour d\u00e9battre et interroger Ha\u00efti, sa soci\u00e9t\u00e9, ses diff\u00e9rents clivages et refabriquer le regard que le peuple a sur lui-m\u00eame et sur le monde. Dans le contexte ha\u00eftien, la coh\u00e9sion sociale et l\u2019inclusion sont des enjeux importants, ainsi que le renouvellement des cultures et imaginaires si l\u2019on souhaite obtenir un climat favorable au d\u00e9bat d\u2019id\u00e9es.<br \/>\nCe laboratoire sera un lieu pour parler et dire, un grand d\u00e9bat avec les intellectuels et penseurs ha\u00eftiens entour\u00e9s d\u2019intellectuels internationaux (\u00e9conomistes, penseurs, chercheurs etc.) pour discuter de Ha\u00efti face au reste du monde.<\/p>\n<p><strong>Th\u00e9matique <\/strong><\/p>\n<p>Ha\u00efti et le monde, comment sortir du discours victimaire. La pauvret\u00e9, l\u2019humanitaire et les s\u00e9quelles post-coloniales. Identit\u00e9s, races, communaut\u00e9s : comment refonder une unit\u00e9 populaire ha\u00eftienne solidaire. Lutter contre la logique de la soci\u00e9t\u00e9 s\u00e9par\u00e9e, retrouver une d\u00e9marche du commun et de l\u2019entraide.<\/p>\n<p>[\/et_pb_text][et_pb_text admin_label=\u00a0\u00bbTexte : 2 jours (3h\/jour) Ouvert a\u0300 tous les publics\u00a0\u00bb _builder_version=\u00a0\u00bb3.1.1&Prime; text_text_color=\u00a0\u00bb#ffffff\u00a0\u00bb module_class=\u00a0\u00bbhighlight_kn_lab_3_1&Prime; text_orientation=\u00a0\u00bbright\u00a0\u00bb]<\/p>\n<p style=\"text-align: right;\">2 jours (3h\/jour) Ouvert a\u0300 tous les publics<\/p>\n<p>[\/et_pb_text][et_pb_text admin_label=\u00a0\u00bbTexte : Invite\u0301 spe\u0301cial\u00a0\u00bb _builder_version=\u00a0\u00bb3.1.1&Prime; text_orientation=\u00a0\u00bbjustified\u00a0\u00bb custom_padding=\u00a0\u00bb20px||20px|30px\u00a0\u00bb module_class=\u00a0\u00bbjb_kn_lab_5&Prime;]<\/p>\n<p>Invite\u0301 spe\u0301cial : <strong>Felwine Sarr<\/strong> (e\u0301crivain, e\u0301conomiste, universitaire et musicien)<br \/>\nMode\u0301ratrice : <strong>Vale\u0301rie Marin La Mesle\u0301e<\/strong> (journaliste litte\u0301raire au journal \u201cLe Point\u201d)<\/p>\n<p>Intervenants (sous re\u0301serve) : Yannick Lahens, Miche\u0300le Duvivier Pierre-Louis, James Noe\u0308l, Le\u0301o Jean-Baptiste, Lionel Trouillot, Eva Doumbia.<\/p>\n<p>[\/et_pb_text][et_pb_image _builder_version=\u00a0\u00bb3.1.1&Prime; src=\u00a0\u00bbhttp:\/\/www.bluehouse.fr\/JB6\/papap\/wp-content\/uploads\/2018\/05\/knlab-11.jpg\u00a0\u00bb force_fullwidth=\u00a0\u00bbon\u00a0\u00bb animation_style=\u00a0\u00bbslide\u00a0\u00bb animation_direction=\u00a0\u00bbleft\u00a0\u00bb \/][et_pb_image _builder_version=\u00a0\u00bb3.1.1&Prime; src=\u00a0\u00bbhttp:\/\/www.bluehouse.fr\/JB6\/papap\/wp-content\/uploads\/2018\/05\/knlab-10-1.jpg\u00a0\u00bb force_fullwidth=\u00a0\u00bbon\u00a0\u00bb \/][\/et_pb_column][\/et_pb_row][\/et_pb_section][et_pb_section bb_built=\u00a0\u00bb1&Prime; specialty=\u00a0\u00bboff\u00a0\u00bb _builder_version=\u00a0\u00bb3.1.1&Prime; custom_margin=\u00a0\u00bb0px||0px|\u00a0\u00bb custom_padding=\u00a0\u00bb0px||0px|\u00a0\u00bb collapsed=\u00a0\u00bbon\u00a0\u00bb prev_background_color=\u00a0\u00bb#000000&Prime; global_module=\u00a0\u00bb405&Prime;][et_pb_row global_parent=\u00a0\u00bb405&Prime; _builder_version=\u00a0\u00bb3.1.1&Prime; background_color=\u00a0\u00bb#afafaf\u00a0\u00bb use_background_color_gradient=\u00a0\u00bbon\u00a0\u00bb background_color_gradient_start=\u00a0\u00bb#dddddd\u00a0\u00bb background_color_gradient_end=\u00a0\u00bb#9b9b9b\u00a0\u00bb background_color_gradient_direction=\u00a0\u00bb1deg\u00a0\u00bb background_color_gradient_direction_radial=\u00a0\u00bbtop\u00a0\u00bb make_fullwidth=\u00a0\u00bbon\u00a0\u00bb custom_padding=\u00a0\u00bb0px||10px|\u00a0\u00bb use_custom_gutter=\u00a0\u00bbon\u00a0\u00bb gutter_width=\u00a0\u00bb1&Prime; custom_margin=\u00a0\u00bb0px||0px|\u00a0\u00bb][et_pb_column type=\u00a0\u00bb4_4&Prime;][\/et_pb_column][\/et_pb_row][\/et_pb_section]<\/p>\n","protected":false},"excerpt":{"rendered":"<p>[et_pb_section bb_built=\u00a0\u00bb1&Prime; specialty=\u00a0\u00bboff\u00a0\u00bb _builder_version=\u00a0\u00bb3.1.1&Prime; custom_margin=\u00a0\u00bb0px||0px|\u00a0\u00bb custom_padding=\u00a0\u00bb0px||0px|\u00a0\u00bb collapsed=\u00a0\u00bbon\u00a0\u00bb next_background_color=\u00a0\u00bb#000000&Prime; global_module=\u00a0\u00bb405&Prime;][et_pb_row global_parent=\u00a0\u00bb405&Prime; _builder_version=\u00a0\u00bb3.1.1&Prime; background_color=\u00a0\u00bb#afafaf\u00a0\u00bb use_background_color_gradient=\u00a0\u00bbon\u00a0\u00bb background_color_gradient_start=\u00a0\u00bb#dddddd\u00a0\u00bb background_color_gradient_end=\u00a0\u00bb#9b9b9b\u00a0\u00bb background_color_gradient_direction=\u00a0\u00bb1deg\u00a0\u00bb background_color_gradient_direction_radial=\u00a0\u00bbtop\u00a0\u00bb make_fullwidth=\u00a0\u00bbon\u00a0\u00bb custom_padding=\u00a0\u00bb0px||10px|\u00a0\u00bb use_custom_gutter=\u00a0\u00bbon\u00a0\u00bb gutter_width=\u00a0\u00bb1&Prime; custom_margin=\u00a0\u00bb0px||0px|\u00a0\u00bb][et_pb_column type=\u00a0\u00bb4_4&Prime;][\/et_pb_column][\/et_pb_row][\/et_pb_section][et_pb_section bb_built=\u00a0\u00bb1&Prime; admin_label=\u00a0\u00bbSection : PAPAP jette les bases\u00a0\u00bb _builder_version=\u00a0\u00bb3.1.1&Prime; background_image=\u00a0\u00bbhttp:\/\/www.bluehouse.fr\/JB6\/papap\/wp-content\/uploads\/2018\/05\/fond-plateforme-2-9.jpg\u00a0\u00bb parallax=\u00a0\u00bbon\u00a0\u00bb parallax_method=\u00a0\u00bboff\u00a0\u00bb custom_margin=\u00a0\u00bb0px|||\u00a0\u00bb custom_padding=\u00a0\u00bb0px|||\u00a0\u00bb filter_brightness=\u00a0\u00bb120%\u00a0\u00bb next_background_color=\u00a0\u00bb#ffffff\u00a0\u00bb prev_background_color=\u00a0\u00bb#ffffff\u00a0\u00bb collapsed=\u00a0\u00bboff\u00a0\u00bb animation_style=\u00a0\u00bbfade\u00a0\u00bb][et_pb_row admin_label=\u00a0\u00bbLigne &#8211; BUR\u00a0\u00bb _builder_version=\u00a0\u00bb3.1.1&Prime; make_fullwidth=\u00a0\u00bbon\u00a0\u00bb use_custom_gutter=\u00a0\u00bbon\u00a0\u00bb gutter_width=\u00a0\u00bb1&Prime; custom_margin=\u00a0\u00bb0px||0px|\u00a0\u00bb custom_padding=\u00a0\u00bb0px||20px|\u00a0\u00bb disabled_on=\u00a0\u00bbon|on|\u00a0\u00bb disabled=\u00a0\u00bboff\u00a0\u00bb collapsed=\u00a0\u00bboff\u00a0\u00bb][et_pb_column type=\u00a0\u00bb1_3&Prime;][et_pb_image _builder_version=\u00a0\u00bb3.1.1&Prime; [&hellip;]<\/p>\n","protected":false},"author":4,"featured_media":0,"parent":0,"menu_order":0,"comment_status":"closed","ping_status":"closed","template":"","meta":{"_et_pb_use_builder":"on","_et_pb_old_content":""},"_links":{"self":[{"href":"https:\/\/www.bluehouse.fr\/JB6\/papap\/wp-json\/wp\/v2\/pages\/25"}],"collection":[{"href":"https:\/\/www.bluehouse.fr\/JB6\/papap\/wp-json\/wp\/v2\/pages"}],"about":[{"href":"https:\/\/www.bluehouse.fr\/JB6\/papap\/wp-json\/wp\/v2\/types\/page"}],"author":[{"embeddable":true,"href":"https:\/\/www.bluehouse.fr\/JB6\/papap\/wp-json\/wp\/v2\/users\/4"}],"replies":[{"embeddable":true,"href":"https:\/\/www.bluehouse.fr\/JB6\/papap\/wp-json\/wp\/v2\/comments?post=25"}],"version-history":[{"count":0,"href":"https:\/\/www.bluehouse.fr\/JB6\/papap\/wp-json\/wp\/v2\/pages\/25\/revisions"}],"wp:attachment":[{"href":"https:\/\/www.bluehouse.fr\/JB6\/papap\/wp-json\/wp\/v2\/media?parent=25"}],"curies":[{"name":"wp","href":"https:\/\/api.w.org\/{rel}","templated":true}]}}