{"id":244643,"date":"2025-03-08T09:52:26","date_gmt":"2025-03-08T08:52:26","guid":{"rendered":"https:\/\/www.bluehouse.fr\/JB6\/carnet-de-vol\/?post_type=project&#038;p=244643"},"modified":"2025-03-20T09:25:42","modified_gmt":"2025-03-20T08:25:42","slug":"archives-meteo-mars-2025","status":"publish","type":"project","link":"https:\/\/www.bluehouse.fr\/JB6\/carnet-de-vol\/project\/archives-meteo-mars-2025\/","title":{"rendered":"Archives m\u00e9t\u00e9o Mars 2025"},"content":{"rendered":"<p>[et_pb_section fb_built=&#8221;1&#8243; admin_label=&#8221;mars2025&#8243; _builder_version=&#8221;4.27.4&#8243; _module_preset=&#8221;default&#8221; da_disable_devices=&#8221;off|off|off&#8221; locked=&#8221;off&#8221; collapsed=&#8221;off&#8221; global_colors_info=&#8221;{}&#8221; theme_builder_area=&#8221;post_content&#8221; da_is_popup=&#8221;off&#8221; da_exit_intent=&#8221;off&#8221; da_has_close=&#8221;on&#8221; da_alt_close=&#8221;off&#8221; da_dark_close=&#8221;off&#8221; da_not_modal=&#8221;on&#8221; da_is_singular=&#8221;off&#8221; da_with_loader=&#8221;off&#8221; da_has_shadow=&#8221;on&#8221;][et_pb_row admin_label=&#8221;titre&#8221; _builder_version=&#8221;4.25.2&#8243; _module_preset=&#8221;default&#8221; collapsed=&#8221;on&#8221; global_colors_info=&#8221;{}&#8221; theme_builder_area=&#8221;post_content&#8221;][et_pb_column type=&#8221;4_4&#8243; _builder_version=&#8221;4.25.1&#8243; _module_preset=&#8221;default&#8221; global_colors_info=&#8221;{}&#8221; theme_builder_area=&#8221;post_content&#8221;][et_pb_text _builder_version=&#8221;4.27.4&#8243; _module_preset=&#8221;default&#8221; global_colors_info=&#8221;{}&#8221; theme_builder_area=&#8221;post_content&#8221;]<\/p>\n<h1>Archives m\u00e9t\u00e9o mars 2025<\/h1>\n<p>[\/et_pb_text][et_pb_divider _builder_version=&#8221;4.25.1&#8243; _module_preset=&#8221;default&#8221; locked=&#8221;off&#8221; global_colors_info=&#8221;{}&#8221; theme_builder_area=&#8221;post_content&#8221;][\/et_pb_divider][\/et_pb_column][\/et_pb_row][et_pb_row column_structure=&#8221;1_2,1_2&#8243; disabled_on=&#8221;off|off|off&#8221; admin_label=&#8221;St-Hil 19\/03\/2025&#8243; _builder_version=&#8221;4.27.4&#8243; _module_preset=&#8221;default&#8221; locked=&#8221;off&#8221; collapsed=&#8221;on&#8221; global_colors_info=&#8221;{}&#8221; theme_builder_area=&#8221;post_content&#8221;][et_pb_column type=&#8221;1_2&#8243; _builder_version=&#8221;4.25.1&#8243; _module_preset=&#8221;default&#8221; global_colors_info=&#8221;{}&#8221; theme_builder_area=&#8221;post_content&#8221;][et_pb_text _builder_version=&#8221;4.27.4&#8243; _module_preset=&#8221;default&#8221; global_colors_info=&#8221;{}&#8221; theme_builder_area=&#8221;post_content&#8221;]<\/p>\n<h2><strong>Pr\u00e9visions pour St-Hil, le mercredi 19\/3\/2025 <\/strong><\/h2>\n<p><strong><em>R\u00e9alis\u00e9es le 19\/3\/25 \u00e0 8h30<\/em>\u00a0<\/strong><\/p>\n<p><strong>\u00c0 partir de 12h<\/strong><\/p>\n<p><strong>Vent : <\/strong>\u00a0tendance sud faible.<\/p>\n<p><strong>Temp\u00e9rature :<\/strong> 10\u00b0<\/p>\n<p><strong>Base des nuages<\/strong> : Thermiques bleu<\/p>\n<p><strong>Instabilit\u00e9<\/strong> : Bonne (-5,7)\u00a0 jusqu&#8217;\u00e0 1500 m avec une inversion \u00e0 2000 m<\/p>\n<p><strong>Conclusion : <\/strong>C\u2019est une journ\u00e9e volable mais pas terrible, peu de vent orient\u00e9 sud avec des plafonds qui ne devraient pas d\u00e9passer 2000 m en Chartreuse.<\/p>\n<p>&nbsp;<\/p>\n<p>&nbsp;<\/p>\n<p>[\/et_pb_text][et_pb_button button_url=&#8221;https:\/\/www.bluehouse.fr\/JB6\/carnet-de-vol\/wp-content\/plugins\/totalisateur-heures-de-vol\/thvd-display\/?thvd_display_shortcode=fiche_vol&#038;data_id=1802174&#8243; button_text=&#8221;Le vol du jour&#8221; disabled_on=&#8221;off|off|off&#8221; _builder_version=&#8221;4.27.4&#8243; _module_preset=&#8221;default&#8221; hover_enabled=&#8221;0&#8243; locked=&#8221;off&#8221; global_colors_info=&#8221;{}&#8221; theme_builder_area=&#8221;post_content&#8221; sticky_enabled=&#8221;0&#8243;][\/et_pb_button][\/et_pb_column][et_pb_column type=&#8221;1_2&#8243; _builder_version=&#8221;4.25.1&#8243; _module_preset=&#8221;default&#8221; global_colors_info=&#8221;{}&#8221; theme_builder_area=&#8221;post_content&#8221;][et_pb_image src=&#8221;https:\/\/www.bluehouse.fr\/JB6\/carnet-de-vol\/wp-content\/uploads\/2025\/03\/meteogram_thermal-3.jpeg&#8221; title_text=&#8221;meteogram_thermal (3)&#8221; show_in_lightbox=&#8221;on&#8221; _builder_version=&#8221;4.27.4&#8243; _module_preset=&#8221;default&#8221; width=&#8221;84%&#8221; global_colors_info=&#8221;{}&#8221; theme_builder_area=&#8221;post_content&#8221;][\/et_pb_image][\/et_pb_column][\/et_pb_row][et_pb_row admin_label=&#8221;s\u00e9parateur&#8221; _builder_version=&#8221;4.25.2&#8243; _module_preset=&#8221;default&#8221; locked=&#8221;off&#8221; collapsed=&#8221;on&#8221; global_colors_info=&#8221;{}&#8221; theme_builder_area=&#8221;post_content&#8221;][et_pb_column type=&#8221;4_4&#8243; _builder_version=&#8221;4.25.2&#8243; _module_preset=&#8221;default&#8221; global_colors_info=&#8221;{}&#8221; theme_builder_area=&#8221;post_content&#8221;][et_pb_divider _builder_version=&#8221;4.25.2&#8243; _module_preset=&#8221;default&#8221; global_colors_info=&#8221;{}&#8221; theme_builder_area=&#8221;post_content&#8221;][\/et_pb_divider][\/et_pb_column][\/et_pb_row][et_pb_row column_structure=&#8221;1_2,1_2&#8243; disabled_on=&#8221;off|off|off&#8221; admin_label=&#8221;St-Hil 18\/03\/2025&#8243; _builder_version=&#8221;4.27.4&#8243; _module_preset=&#8221;default&#8221; locked=&#8221;off&#8221; collapsed=&#8221;on&#8221; global_colors_info=&#8221;{}&#8221; theme_builder_area=&#8221;post_content&#8221;][et_pb_column type=&#8221;1_2&#8243; _builder_version=&#8221;4.25.1&#8243; _module_preset=&#8221;default&#8221; global_colors_info=&#8221;{}&#8221; theme_builder_area=&#8221;post_content&#8221;][et_pb_text _builder_version=&#8221;4.27.4&#8243; _module_preset=&#8221;default&#8221; global_colors_info=&#8221;{}&#8221; theme_builder_area=&#8221;post_content&#8221;]<\/p>\n<h2><strong>Pr\u00e9visions pour St-Hil, le mardi 18\/3\/2025 <\/strong><\/h2>\n<p><strong><em>R\u00e9alis\u00e9es le 18\/3\/25 \u00e0 9h<\/em>\u00a0<\/strong><\/p>\n<p><strong>\u00c0 partir de 12h<\/strong><\/p>\n<p><strong>Vent : <\/strong>\u00a0tendance sud 10 km\/h avec des rafales \u00e0 20 km\/h.<\/p>\n<p><strong>Temp\u00e9rature :<\/strong> 8\u00b0<\/p>\n<p><strong>Base des nuages<\/strong> : non convectifs vers 2000 m s&#8217;\u00e9levant rapidement jusqu&#8217;\u00e0 3000 m vers 14h 30<\/p>\n<p><strong>Instabilit\u00e9<\/strong> : Moyenne (-4,8)\u00a0 jusqu&#8217;\u00e0 1500 m d\u00e9clinant \u00e0 partir de 18h<\/p>\n<p><strong>Conclusion : <\/strong>C\u2019est une journ\u00e9e volable mais pas terrible, un peu de vent orient\u00e9 sud\u00a0 jusqu&#8217;\u00e0 1200 m,\u00a0 avec des plafonds qui ne devraient pas d\u00e9passer 1500 m en Chartreuse.<\/p>\n<p>&nbsp;<\/p>\n<p>&nbsp;<\/p>\n<p>[\/et_pb_text][et_pb_button button_url=&#8221;https:\/\/www.bluehouse.fr\/JB6\/carnet-de-vol\/wp-content\/plugins\/totalisateur-heures-de-vol\/thvd-display\/?thvd_display_shortcode=fiche_vol&#038;data_id=1802173&#8243; button_text=&#8221;Le vol du jour&#8221; disabled_on=&#8221;off|off|off&#8221; _builder_version=&#8221;4.27.4&#8243; _module_preset=&#8221;default&#8221; locked=&#8221;off&#8221; global_colors_info=&#8221;{}&#8221; theme_builder_area=&#8221;post_content&#8221;][\/et_pb_button][\/et_pb_column][et_pb_column type=&#8221;1_2&#8243; _builder_version=&#8221;4.25.1&#8243; _module_preset=&#8221;default&#8221; global_colors_info=&#8221;{}&#8221; theme_builder_area=&#8221;post_content&#8221;][et_pb_image src=&#8221;https:\/\/www.bluehouse.fr\/JB6\/carnet-de-vol\/wp-content\/uploads\/2025\/03\/meteoblue183.jpeg&#8221; title_text=&#8221;meteoblue18:3&#8243; show_in_lightbox=&#8221;on&#8221; _builder_version=&#8221;4.27.4&#8243; _module_preset=&#8221;default&#8221; width=&#8221;84%&#8221; global_colors_info=&#8221;{}&#8221; theme_builder_area=&#8221;post_content&#8221;][\/et_pb_image][\/et_pb_column][\/et_pb_row][et_pb_row admin_label=&#8221;s\u00e9parateur&#8221; _builder_version=&#8221;4.25.2&#8243; _module_preset=&#8221;default&#8221; locked=&#8221;off&#8221; collapsed=&#8221;on&#8221; global_colors_info=&#8221;{}&#8221; theme_builder_area=&#8221;post_content&#8221;][et_pb_column type=&#8221;4_4&#8243; _builder_version=&#8221;4.25.2&#8243; _module_preset=&#8221;default&#8221; global_colors_info=&#8221;{}&#8221; theme_builder_area=&#8221;post_content&#8221;][et_pb_divider _builder_version=&#8221;4.25.2&#8243; _module_preset=&#8221;default&#8221; global_colors_info=&#8221;{}&#8221; theme_builder_area=&#8221;post_content&#8221;][\/et_pb_divider][\/et_pb_column][\/et_pb_row][et_pb_row column_structure=&#8221;1_2,1_2&#8243; disabled_on=&#8221;off|off|off&#8221; admin_label=&#8221;St-Hil 08\/03\/2025&#8243; _builder_version=&#8221;4.27.4&#8243; _module_preset=&#8221;default&#8221; locked=&#8221;off&#8221; collapsed=&#8221;on&#8221; global_colors_info=&#8221;{}&#8221; theme_builder_area=&#8221;post_content&#8221;][et_pb_column type=&#8221;1_2&#8243; _builder_version=&#8221;4.25.1&#8243; _module_preset=&#8221;default&#8221; global_colors_info=&#8221;{}&#8221; theme_builder_area=&#8221;post_content&#8221;][et_pb_text _builder_version=&#8221;4.27.4&#8243; _module_preset=&#8221;default&#8221; global_colors_info=&#8221;{}&#8221; theme_builder_area=&#8221;post_content&#8221;]<\/p>\n<p><strong>Pr\u00e9visions pour St-Hil le 8\/3\/25 \u00e0 8h 30<\/strong><\/p>\n<p>\u00c0 partir de 12h<\/p>\n<p>Vent : jusqu&#8217;\u00e0 2000 m, tendance sud 8 km\/h.<br \/>Temp\u00e9rature : 12\u00b0<\/p>\n<p>Base des nuages vers 3000 m.<\/p>\n<p>Bonne Instabilit\u00e9 jusqu&#8217;\u00e0 2000m<\/p>\n<p>C\u2019est une journ\u00e9e volable, peu de vent jusqu&#8217;\u00e0 3000 m,\u00a0 avec des plafonds qui d\u00e9passeront 2200 m.<\/p>\n<p>&nbsp;<\/p>\n<p>&nbsp;<\/p>\n<p>[\/et_pb_text][et_pb_button button_url=&#8221;https:\/\/www.bluehouse.fr\/JB6\/carnet-de-vol\/thvd-display\/?thvd_display_shortcode=fiche_vol&#038;data_id=1802169&#8243; button_text=&#8221;Le vol du jour&#8221; disabled_on=&#8221;off|off|off&#8221; _builder_version=&#8221;4.27.4&#8243; _module_preset=&#8221;default&#8221; locked=&#8221;off&#8221; global_colors_info=&#8221;{}&#8221; theme_builder_area=&#8221;post_content&#8221;][\/et_pb_button][\/et_pb_column][et_pb_column type=&#8221;1_2&#8243; _builder_version=&#8221;4.25.1&#8243; _module_preset=&#8221;default&#8221; global_colors_info=&#8221;{}&#8221; theme_builder_area=&#8221;post_content&#8221;][et_pb_image src=&#8221;https:\/\/www.bluehouse.fr\/JB6\/carnet-de-vol\/wp-content\/uploads\/2025\/03\/meteogram_thermal-1.jpg&#8221; title_text=&#8221;meteogram_thermal&#8221; show_in_lightbox=&#8221;on&#8221; _builder_version=&#8221;4.27.4&#8243; _module_preset=&#8221;default&#8221; width=&#8221;84%&#8221; global_colors_info=&#8221;{}&#8221; theme_builder_area=&#8221;post_content&#8221;][\/et_pb_image][\/et_pb_column][\/et_pb_row][et_pb_row admin_label=&#8221;s\u00e9parateur&#8221; _builder_version=&#8221;4.25.2&#8243; _module_preset=&#8221;default&#8221; locked=&#8221;off&#8221; collapsed=&#8221;on&#8221; global_colors_info=&#8221;{}&#8221; theme_builder_area=&#8221;post_content&#8221;][et_pb_column type=&#8221;4_4&#8243; _builder_version=&#8221;4.25.2&#8243; _module_preset=&#8221;default&#8221; global_colors_info=&#8221;{}&#8221; theme_builder_area=&#8221;post_content&#8221;][et_pb_divider _builder_version=&#8221;4.25.2&#8243; _module_preset=&#8221;default&#8221; global_colors_info=&#8221;{}&#8221; theme_builder_area=&#8221;post_content&#8221;][\/et_pb_divider][\/et_pb_column][\/et_pb_row][\/et_pb_section]<\/p>\n","protected":false},"excerpt":{"rendered":"<p>Archives m\u00e9t\u00e9o mars 2025Pr\u00e9visions pour St-Hil, le mercredi 19\/3\/2025 R\u00e9alis\u00e9es le 19\/3\/25 \u00e0 8h30\u00a0 \u00c0 partir de 12h Vent : \u00a0tendance sud faible. Temp\u00e9rature : 10\u00b0 Base des nuages : Thermiques bleu Instabilit\u00e9 : Bonne (-5,7)\u00a0 jusqu&#8217;\u00e0 1500 m avec une inversion \u00e0 2000 m Conclusion : C\u2019est une journ\u00e9e volable mais pas terrible, peu [&hellip;]<\/p>\n","protected":false},"author":57,"featured_media":0,"comment_status":"open","ping_status":"closed","template":"","meta":{"_et_pb_use_builder":"on","_et_pb_old_content":"","_et_gb_content_width":"","_joinchat":[],"footnotes":""},"project_category":[],"project_tag":[],"class_list":["post-244643","project","type-project","status-publish","hentry"],"yoast_head":"<!-- This site is optimized with the Yoast SEO plugin v27.5 - https:\/\/yoast.com\/product\/yoast-seo-wordpress\/ -->\n<title>Archives m\u00e9t\u00e9o Mars 2025 - Carnet de Vol<\/title>\n<meta name=\"robots\" content=\"index, follow, max-snippet:-1, max-image-preview:large, max-video-preview:-1\" \/>\n<link rel=\"canonical\" href=\"https:\/\/www.bluehouse.fr\/JB6\/carnet-de-vol\/project\/archives-meteo-mars-2025\/\" \/>\n<meta property=\"og:locale\" content=\"fr_FR\" \/>\n<meta property=\"og:type\" content=\"article\" \/>\n<meta property=\"og:title\" content=\"Archives m\u00e9t\u00e9o Mars 2025 - Carnet de Vol\" \/>\n<meta property=\"og:description\" content=\"Archives m\u00e9t\u00e9o mars 2025Pr\u00e9visions pour St-Hil, le mercredi 19\/3\/2025 R\u00e9alis\u00e9es le 19\/3\/25 \u00e0 8h30\u00a0 \u00c0 partir de 12h Vent : \u00a0tendance sud faible. Temp\u00e9rature : 10\u00b0 Base des nuages : Thermiques bleu Instabilit\u00e9 : Bonne (-5,7)\u00a0 jusqu&#039;\u00e0 1500 m avec une inversion \u00e0 2000 m Conclusion : C\u2019est une journ\u00e9e volable mais pas terrible, peu [&hellip;]\" \/>\n<meta property=\"og:url\" content=\"https:\/\/www.bluehouse.fr\/JB6\/carnet-de-vol\/project\/archives-meteo-mars-2025\/\" \/>\n<meta property=\"og:site_name\" content=\"Carnet de Vol\" \/>\n<meta property=\"article:modified_time\" content=\"2025-03-20T08:25:42+00:00\" \/>\n<meta property=\"og:image\" content=\"https:\/\/www.bluehouse.fr\/JB6\/carnet-de-vol\/wp-content\/uploads\/2025\/04\/e5203bf3e7decb21add0364ff119459aeca37b6c-2500x1667-1.jpg\" \/>\n\t<meta property=\"og:image:width\" content=\"2500\" \/>\n\t<meta property=\"og:image:height\" content=\"1667\" \/>\n\t<meta property=\"og:image:type\" content=\"image\/jpeg\" \/>\n<meta name=\"twitter:card\" content=\"summary_large_image\" \/>\n<meta name=\"twitter:label1\" content=\"Dur\u00e9e de lecture estim\u00e9e\" \/>\n\t<meta name=\"twitter:data1\" content=\"1 minute\" \/>\n<script type=\"application\/ld+json\" class=\"yoast-schema-graph\">{\"@context\":\"https:\\\/\\\/schema.org\",\"@graph\":[{\"@type\":\"WebPage\",\"@id\":\"https:\\\/\\\/www.bluehouse.fr\\\/JB6\\\/carnet-de-vol\\\/project\\\/archives-meteo-mars-2025\\\/\",\"url\":\"https:\\\/\\\/www.bluehouse.fr\\\/JB6\\\/carnet-de-vol\\\/project\\\/archives-meteo-mars-2025\\\/\",\"name\":\"Archives m\u00e9t\u00e9o Mars 2025 - Carnet de Vol\",\"isPartOf\":{\"@id\":\"https:\\\/\\\/www.bluehouse.fr\\\/JB6\\\/carnet-de-vol\\\/#website\"},\"datePublished\":\"2025-03-08T08:52:26+00:00\",\"dateModified\":\"2025-03-20T08:25:42+00:00\",\"breadcrumb\":{\"@id\":\"https:\\\/\\\/www.bluehouse.fr\\\/JB6\\\/carnet-de-vol\\\/project\\\/archives-meteo-mars-2025\\\/#breadcrumb\"},\"inLanguage\":\"fr-FR\",\"potentialAction\":[{\"@type\":\"ReadAction\",\"target\":[\"https:\\\/\\\/www.bluehouse.fr\\\/JB6\\\/carnet-de-vol\\\/project\\\/archives-meteo-mars-2025\\\/\"]}]},{\"@type\":\"BreadcrumbList\",\"@id\":\"https:\\\/\\\/www.bluehouse.fr\\\/JB6\\\/carnet-de-vol\\\/project\\\/archives-meteo-mars-2025\\\/#breadcrumb\",\"itemListElement\":[{\"@type\":\"ListItem\",\"position\":1,\"name\":\"Accueil\",\"item\":\"https:\\\/\\\/www.bluehouse.fr\\\/JB6\\\/carnet-de-vol\\\/\"},{\"@type\":\"ListItem\",\"position\":2,\"name\":\"Projets\",\"item\":\"https:\\\/\\\/www.bluehouse.fr\\\/JB6\\\/carnet-de-vol\\\/project\\\/\"},{\"@type\":\"ListItem\",\"position\":3,\"name\":\"Archives m\u00e9t\u00e9o Mars 2025\"}]},{\"@type\":\"WebSite\",\"@id\":\"https:\\\/\\\/www.bluehouse.fr\\\/JB6\\\/carnet-de-vol\\\/#website\",\"url\":\"https:\\\/\\\/www.bluehouse.fr\\\/JB6\\\/carnet-de-vol\\\/\",\"name\":\"Carnet de Vol\",\"description\":\"Carnet de Vol Parapente\",\"publisher\":{\"@id\":\"https:\\\/\\\/www.bluehouse.fr\\\/JB6\\\/carnet-de-vol\\\/#organization\"},\"potentialAction\":[{\"@type\":\"SearchAction\",\"target\":{\"@type\":\"EntryPoint\",\"urlTemplate\":\"https:\\\/\\\/www.bluehouse.fr\\\/JB6\\\/carnet-de-vol\\\/?s={search_term_string}\"},\"query-input\":{\"@type\":\"PropertyValueSpecification\",\"valueRequired\":true,\"valueName\":\"search_term_string\"}}],\"inLanguage\":\"fr-FR\"},{\"@type\":\"Organization\",\"@id\":\"https:\\\/\\\/www.bluehouse.fr\\\/JB6\\\/carnet-de-vol\\\/#organization\",\"name\":\"Carnet de Vol\",\"url\":\"https:\\\/\\\/www.bluehouse.fr\\\/JB6\\\/carnet-de-vol\\\/\",\"logo\":{\"@type\":\"ImageObject\",\"inLanguage\":\"fr-FR\",\"@id\":\"https:\\\/\\\/www.bluehouse.fr\\\/JB6\\\/carnet-de-vol\\\/#\\\/schema\\\/logo\\\/image\\\/\",\"url\":\"https:\\\/\\\/www.bluehouse.fr\\\/JB6\\\/carnet-de-vol\\\/wp-content\\\/uploads\\\/2023\\\/11\\\/logo.png\",\"contentUrl\":\"https:\\\/\\\/www.bluehouse.fr\\\/JB6\\\/carnet-de-vol\\\/wp-content\\\/uploads\\\/2023\\\/11\\\/logo.png\",\"width\":400,\"height\":400,\"caption\":\"Carnet de Vol\"},\"image\":{\"@id\":\"https:\\\/\\\/www.bluehouse.fr\\\/JB6\\\/carnet-de-vol\\\/#\\\/schema\\\/logo\\\/image\\\/\"}}]}<\/script>\n<!-- \/ Yoast SEO plugin. -->","yoast_head_json":{"title":"Archives m\u00e9t\u00e9o Mars 2025 - Carnet de Vol","robots":{"index":"index","follow":"follow","max-snippet":"max-snippet:-1","max-image-preview":"max-image-preview:large","max-video-preview":"max-video-preview:-1"},"canonical":"https:\/\/www.bluehouse.fr\/JB6\/carnet-de-vol\/project\/archives-meteo-mars-2025\/","og_locale":"fr_FR","og_type":"article","og_title":"Archives m\u00e9t\u00e9o Mars 2025 - Carnet de Vol","og_description":"Archives m\u00e9t\u00e9o mars 2025Pr\u00e9visions pour St-Hil, le mercredi 19\/3\/2025 R\u00e9alis\u00e9es le 19\/3\/25 \u00e0 8h30\u00a0 \u00c0 partir de 12h Vent : \u00a0tendance sud faible. Temp\u00e9rature : 10\u00b0 Base des nuages : Thermiques bleu Instabilit\u00e9 : Bonne (-5,7)\u00a0 jusqu'\u00e0 1500 m avec une inversion \u00e0 2000 m Conclusion : C\u2019est une journ\u00e9e volable mais pas terrible, peu [&hellip;]","og_url":"https:\/\/www.bluehouse.fr\/JB6\/carnet-de-vol\/project\/archives-meteo-mars-2025\/","og_site_name":"Carnet de Vol","article_modified_time":"2025-03-20T08:25:42+00:00","og_image":[{"width":2500,"height":1667,"url":"https:\/\/www.bluehouse.fr\/JB6\/carnet-de-vol\/wp-content\/uploads\/2025\/04\/e5203bf3e7decb21add0364ff119459aeca37b6c-2500x1667-1.jpg","type":"image\/jpeg"}],"twitter_card":"summary_large_image","twitter_misc":{"Dur\u00e9e de lecture estim\u00e9e":"1 minute"},"schema":{"@context":"https:\/\/schema.org","@graph":[{"@type":"WebPage","@id":"https:\/\/www.bluehouse.fr\/JB6\/carnet-de-vol\/project\/archives-meteo-mars-2025\/","url":"https:\/\/www.bluehouse.fr\/JB6\/carnet-de-vol\/project\/archives-meteo-mars-2025\/","name":"Archives m\u00e9t\u00e9o Mars 2025 - Carnet de Vol","isPartOf":{"@id":"https:\/\/www.bluehouse.fr\/JB6\/carnet-de-vol\/#website"},"datePublished":"2025-03-08T08:52:26+00:00","dateModified":"2025-03-20T08:25:42+00:00","breadcrumb":{"@id":"https:\/\/www.bluehouse.fr\/JB6\/carnet-de-vol\/project\/archives-meteo-mars-2025\/#breadcrumb"},"inLanguage":"fr-FR","potentialAction":[{"@type":"ReadAction","target":["https:\/\/www.bluehouse.fr\/JB6\/carnet-de-vol\/project\/archives-meteo-mars-2025\/"]}]},{"@type":"BreadcrumbList","@id":"https:\/\/www.bluehouse.fr\/JB6\/carnet-de-vol\/project\/archives-meteo-mars-2025\/#breadcrumb","itemListElement":[{"@type":"ListItem","position":1,"name":"Accueil","item":"https:\/\/www.bluehouse.fr\/JB6\/carnet-de-vol\/"},{"@type":"ListItem","position":2,"name":"Projets","item":"https:\/\/www.bluehouse.fr\/JB6\/carnet-de-vol\/project\/"},{"@type":"ListItem","position":3,"name":"Archives m\u00e9t\u00e9o Mars 2025"}]},{"@type":"WebSite","@id":"https:\/\/www.bluehouse.fr\/JB6\/carnet-de-vol\/#website","url":"https:\/\/www.bluehouse.fr\/JB6\/carnet-de-vol\/","name":"Carnet de Vol","description":"Carnet de Vol Parapente","publisher":{"@id":"https:\/\/www.bluehouse.fr\/JB6\/carnet-de-vol\/#organization"},"potentialAction":[{"@type":"SearchAction","target":{"@type":"EntryPoint","urlTemplate":"https:\/\/www.bluehouse.fr\/JB6\/carnet-de-vol\/?s={search_term_string}"},"query-input":{"@type":"PropertyValueSpecification","valueRequired":true,"valueName":"search_term_string"}}],"inLanguage":"fr-FR"},{"@type":"Organization","@id":"https:\/\/www.bluehouse.fr\/JB6\/carnet-de-vol\/#organization","name":"Carnet de Vol","url":"https:\/\/www.bluehouse.fr\/JB6\/carnet-de-vol\/","logo":{"@type":"ImageObject","inLanguage":"fr-FR","@id":"https:\/\/www.bluehouse.fr\/JB6\/carnet-de-vol\/#\/schema\/logo\/image\/","url":"https:\/\/www.bluehouse.fr\/JB6\/carnet-de-vol\/wp-content\/uploads\/2023\/11\/logo.png","contentUrl":"https:\/\/www.bluehouse.fr\/JB6\/carnet-de-vol\/wp-content\/uploads\/2023\/11\/logo.png","width":400,"height":400,"caption":"Carnet de Vol"},"image":{"@id":"https:\/\/www.bluehouse.fr\/JB6\/carnet-de-vol\/#\/schema\/logo\/image\/"}}]}},"jetpack_sharing_enabled":true,"_links":{"self":[{"href":"https:\/\/www.bluehouse.fr\/JB6\/carnet-de-vol\/wp-json\/wp\/v2\/project\/244643","targetHints":{"allow":["GET"]}}],"collection":[{"href":"https:\/\/www.bluehouse.fr\/JB6\/carnet-de-vol\/wp-json\/wp\/v2\/project"}],"about":[{"href":"https:\/\/www.bluehouse.fr\/JB6\/carnet-de-vol\/wp-json\/wp\/v2\/types\/project"}],"author":[{"embeddable":true,"href":"https:\/\/www.bluehouse.fr\/JB6\/carnet-de-vol\/wp-json\/wp\/v2\/users\/57"}],"replies":[{"embeddable":true,"href":"https:\/\/www.bluehouse.fr\/JB6\/carnet-de-vol\/wp-json\/wp\/v2\/comments?post=244643"}],"version-history":[{"count":19,"href":"https:\/\/www.bluehouse.fr\/JB6\/carnet-de-vol\/wp-json\/wp\/v2\/project\/244643\/revisions"}],"predecessor-version":[{"id":244993,"href":"https:\/\/www.bluehouse.fr\/JB6\/carnet-de-vol\/wp-json\/wp\/v2\/project\/244643\/revisions\/244993"}],"wp:attachment":[{"href":"https:\/\/www.bluehouse.fr\/JB6\/carnet-de-vol\/wp-json\/wp\/v2\/media?parent=244643"}],"wp:term":[{"taxonomy":"project_category","embeddable":true,"href":"https:\/\/www.bluehouse.fr\/JB6\/carnet-de-vol\/wp-json\/wp\/v2\/project_category?post=244643"},{"taxonomy":"project_tag","embeddable":true,"href":"https:\/\/www.bluehouse.fr\/JB6\/carnet-de-vol\/wp-json\/wp\/v2\/project_tag?post=244643"}],"curies":[{"name":"wp","href":"https:\/\/api.w.org\/{rel}","templated":true}]}}