{"id":243655,"date":"2024-06-29T09:54:36","date_gmt":"2024-06-29T07:54:36","guid":{"rendered":"https:\/\/www.bluehouse.fr\/JB6\/carnet-de-vol\/?post_type=project&#038;p=243655"},"modified":"2024-06-29T10:10:43","modified_gmt":"2024-06-29T08:10:43","slug":"archives-meteo-juin-2024","status":"publish","type":"project","link":"https:\/\/www.bluehouse.fr\/JB6\/carnet-de-vol\/project\/archives-meteo-juin-2024\/","title":{"rendered":"&#8211; Juin 2024"},"content":{"rendered":"\n[et_pb_section fb_built=&#8221;1&#8243; _builder_version=&#8221;4.25.1&#8243; _module_preset=&#8221;default&#8221; da_disable_devices=&#8221;off|off|off&#8221; locked=&#8221;off&#8221; global_colors_info=&#8221;{}&#8221; theme_builder_area=&#8221;post_content&#8221; da_is_popup=&#8221;off&#8221; da_exit_intent=&#8221;off&#8221; da_has_close=&#8221;on&#8221; da_alt_close=&#8221;off&#8221; da_dark_close=&#8221;off&#8221; da_not_modal=&#8221;on&#8221; da_is_singular=&#8221;off&#8221; da_with_loader=&#8221;off&#8221; da_has_shadow=&#8221;on&#8221;][et_pb_row admin_label=&#8221;titre&#8221; _builder_version=&#8221;4.25.2&#8243; _module_preset=&#8221;default&#8221; collapsed=&#8221;on&#8221; global_colors_info=&#8221;{}&#8221; theme_builder_area=&#8221;post_content&#8221;][et_pb_column type=&#8221;4_4&#8243; _builder_version=&#8221;4.25.1&#8243; _module_preset=&#8221;default&#8221; global_colors_info=&#8221;{}&#8221; theme_builder_area=&#8221;post_content&#8221;][et_pb_text _builder_version=&#8221;4.25.2&#8243; _module_preset=&#8221;default&#8221; hover_enabled=&#8221;0&#8243; global_colors_info=&#8221;{}&#8221; theme_builder_area=&#8221;post_content&#8221; sticky_enabled=&#8221;0&#8243;]<h1>Archives m\u00e9t\u00e9o juin 2024<\/h1>[\/et_pb_text][et_pb_divider _builder_version=&#8221;4.25.1&#8243; _module_preset=&#8221;default&#8221; locked=&#8221;off&#8221; global_colors_info=&#8221;{}&#8221; theme_builder_area=&#8221;post_content&#8221;][\/et_pb_divider][\/et_pb_column][\/et_pb_row][et_pb_row column_structure=&#8221;1_2,1_2&#8243; disabled_on=&#8221;off|off|off&#8221; admin_label=&#8221;St-Hil 28\/06\/2024&#8243; _builder_version=&#8221;4.25.2&#8243; _module_preset=&#8221;default&#8221; locked=&#8221;off&#8221; collapsed=&#8221;on&#8221; global_colors_info=&#8221;{}&#8221; theme_builder_area=&#8221;post_content&#8221;][et_pb_column type=&#8221;1_2&#8243; _builder_version=&#8221;4.25.1&#8243; _module_preset=&#8221;default&#8221; global_colors_info=&#8221;{}&#8221; theme_builder_area=&#8221;post_content&#8221;][et_pb_text _builder_version=&#8221;4.25.2&#8243; _module_preset=&#8221;default&#8221; global_colors_info=&#8221;{}&#8221; theme_builder_area=&#8221;post_content&#8221;]<p><strong>Pr\u00e9visions pour St-Hil le 28\/06\/2024 \u00e9tablies le 28\/06\/2024 \u00e0 8h 30<\/strong><\/p>\n<p>\u00c0 partir de 12h<\/p>\n<p>Vent : \u00e0 1000 m, tendance sud-ouest 10 km\/h.<br \/>Temp\u00e9rature : 26\u00b0<\/p>\n<p>Base des nuages vers 1800 m qui s&#8217;\u00e9l\u00e8ve jusqu&#8217;\u00e0 2400 m vers 15h mais apparition d&#8217;un voile de cirus qui va sans doute couper les thermiques.<br \/>Instabilit\u00e9 moyenne entre 800 m et la base des nuages.<br \/>Pas de pr\u00e9cipitations pr\u00e9vues.<\/p>\n<p>C\u2019est une journ\u00e9e volable avec des plafonds qui d\u00e9passeront 2000 m mais le voile pr\u00e9vu vers 15h diminue fortement la possibilit\u00e9 de Cross.<\/p>\n<p>&nbsp;<\/p>\n<p>&nbsp;<\/p>[\/et_pb_text][et_pb_button button_url=&#8221;https:\/\/www.bluehouse.fr\/JB6\/carnet-de-vol\/2024\/06\/28\/saint-hilaire-42\/&#8221; button_text=&#8221;Le vol du jour&#8221; _builder_version=&#8221;4.25.2&#8243; _module_preset=&#8221;default&#8221; locked=&#8221;off&#8221; global_colors_info=&#8221;{}&#8221; theme_builder_area=&#8221;post_content&#8221;][\/et_pb_button][\/et_pb_column][et_pb_column type=&#8221;1_2&#8243; _builder_version=&#8221;4.25.1&#8243; _module_preset=&#8221;default&#8221; global_colors_info=&#8221;{}&#8221; theme_builder_area=&#8221;post_content&#8221;][et_pb_image src=&#8221;https:\/\/www.bluehouse.fr\/JB6\/carnet-de-vol\/wp-content\/uploads\/2024\/06\/2024-06-28T0600_meteogram_airplus_hd.png&#8221; title_text=&#8221;2024-06-28T0600_meteogram_airplus_hd&#8221; show_in_lightbox=&#8221;on&#8221; _builder_version=&#8221;4.25.2&#8243; _module_preset=&#8221;default&#8221; width=&#8221;84%&#8221; global_colors_info=&#8221;{}&#8221; theme_builder_area=&#8221;post_content&#8221;][\/et_pb_image][\/et_pb_column][\/et_pb_row][et_pb_row admin_label=&#8221;s\u00e9parateur&#8221; _builder_version=&#8221;4.25.2&#8243; _module_preset=&#8221;default&#8221; locked=&#8221;off&#8221; collapsed=&#8221;on&#8221; global_colors_info=&#8221;{}&#8221; theme_builder_area=&#8221;post_content&#8221;][et_pb_column type=&#8221;4_4&#8243; _builder_version=&#8221;4.25.2&#8243; _module_preset=&#8221;default&#8221; global_colors_info=&#8221;{}&#8221; theme_builder_area=&#8221;post_content&#8221;][et_pb_divider _builder_version=&#8221;4.25.2&#8243; _module_preset=&#8221;default&#8221; global_colors_info=&#8221;{}&#8221; theme_builder_area=&#8221;post_content&#8221;][\/et_pb_divider][\/et_pb_column][\/et_pb_row][et_pb_row column_structure=&#8221;1_2,1_2&#8243; disabled_on=&#8221;off|off|off&#8221; admin_label=&#8221;St-Hil 27\/06\/2024&#8243; _builder_version=&#8221;4.25.2&#8243; _module_preset=&#8221;default&#8221; locked=&#8221;off&#8221; collapsed=&#8221;on&#8221; global_colors_info=&#8221;{}&#8221; theme_builder_area=&#8221;post_content&#8221;][et_pb_column type=&#8221;1_2&#8243; _builder_version=&#8221;4.25.1&#8243; _module_preset=&#8221;default&#8221; global_colors_info=&#8221;{}&#8221; theme_builder_area=&#8221;post_content&#8221;][et_pb_text _builder_version=&#8221;4.25.2&#8243; _module_preset=&#8221;default&#8221; global_colors_info=&#8221;{}&#8221; theme_builder_area=&#8221;post_content&#8221;]<p><strong>Pr\u00e9visions pour St-Hil le 27\/06\/2024 \u00e9tablies le 26\/06\/2024 \u00e0 19h 30<\/strong><\/p>\n<p>\u00c0 partir de 12h<\/p>\n<p>Vent : \u00e0 1000 m, tendance sud-ouest 7,5 km\/h.<br \/>Temp\u00e9rature : 24\u00b0<\/p>\n<p>Base des nuages vers 1400 m qui s&#8217;\u00e9l\u00e8ve jusqu&#8217;\u00e0 2600 m vers 14h<br \/>Bonne Instabilit\u00e9 entre 800 m et la base des nuages.<br \/>Pas de pr\u00e9cipitations pr\u00e9vues.<\/p>\n<p>C\u2019est une journ\u00e9e volable avec des plafonds qui devraient d\u00e9passer 2000 m.<\/p>\n<p>&nbsp;<\/p>\n<p>&nbsp;<\/p>[\/et_pb_text][et_pb_button button_url=&#8221;https:\/\/www.bluehouse.fr\/JB6\/carnet-de-vol\/2024\/06\/27\/saint-hilaire-41\/&#8221; button_text=&#8221;Le vol du jour&#8221; _builder_version=&#8221;4.25.2&#8243; _module_preset=&#8221;default&#8221; global_colors_info=&#8221;{}&#8221; theme_builder_area=&#8221;post_content&#8221;][\/et_pb_button][\/et_pb_column][et_pb_column type=&#8221;1_2&#8243; _builder_version=&#8221;4.25.1&#8243; _module_preset=&#8221;default&#8221; global_colors_info=&#8221;{}&#8221; theme_builder_area=&#8221;post_content&#8221;][et_pb_image src=&#8221;https:\/\/www.bluehouse.fr\/JB6\/carnet-de-vol\/wp-content\/uploads\/2024\/06\/2024-06-26T1700_meteogram_airplus_hd.png&#8221; title_text=&#8221;2024-06-26T1700_meteogram_airplus_hd&#8221; show_in_lightbox=&#8221;on&#8221; _builder_version=&#8221;4.25.2&#8243; _module_preset=&#8221;default&#8221; width=&#8221;84%&#8221; global_colors_info=&#8221;{}&#8221; theme_builder_area=&#8221;post_content&#8221;][\/et_pb_image][\/et_pb_column][\/et_pb_row][et_pb_row admin_label=&#8221;s\u00e9parateur&#8221; _builder_version=&#8221;4.25.2&#8243; _module_preset=&#8221;default&#8221; locked=&#8221;off&#8221; collapsed=&#8221;on&#8221; global_colors_info=&#8221;{}&#8221; theme_builder_area=&#8221;post_content&#8221;][et_pb_column type=&#8221;4_4&#8243; _builder_version=&#8221;4.25.2&#8243; _module_preset=&#8221;default&#8221; global_colors_info=&#8221;{}&#8221; theme_builder_area=&#8221;post_content&#8221;][et_pb_divider _builder_version=&#8221;4.25.2&#8243; _module_preset=&#8221;default&#8221; global_colors_info=&#8221;{}&#8221; theme_builder_area=&#8221;post_content&#8221;][\/et_pb_divider][\/et_pb_column][\/et_pb_row][et_pb_row column_structure=&#8221;1_2,1_2&#8243; disabled_on=&#8221;off|off|off&#8221; admin_label=&#8221;St-Hil 24\/06\/2024&#8243; _builder_version=&#8221;4.25.2&#8243; _module_preset=&#8221;default&#8221; locked=&#8221;off&#8221; collapsed=&#8221;on&#8221; global_colors_info=&#8221;{}&#8221; theme_builder_area=&#8221;post_content&#8221;][et_pb_column type=&#8221;1_2&#8243; _builder_version=&#8221;4.25.1&#8243; _module_preset=&#8221;default&#8221; global_colors_info=&#8221;{}&#8221; theme_builder_area=&#8221;post_content&#8221;][et_pb_text _builder_version=&#8221;4.25.2&#8243; _module_preset=&#8221;default&#8221; global_colors_info=&#8221;{}&#8221; theme_builder_area=&#8221;post_content&#8221;]<p><strong>Pr\u00e9visions pour St-Hil le 24\/06\/2024 \u00e9tablies le 23\/06\/2024 \u00e0 22h 30<\/strong><\/p>\n<p>\u00c0 partir de 12h<\/p>\n<p>Vent : \u00e0 1000 m, tendance nord 12 km\/h.<br \/>Temp\u00e9rature : 17,5\u00b0<\/p>\n<p>L&#8217;inversion se r\u00e9sorbe vers 12h\u00a0(base des nuages vers 1100 m qui s&#8217;\u00e9l\u00e8ve rapidement pour se stabiliser vers 1200 m).<br \/>Apr\u00e8s 14h le ciel devrait \u00eatre bleu.<br \/>Bonne Instabilit\u00e9 entre 800 m et 1400 m.<br \/>Pas de pr\u00e9cipitations pr\u00e9vues<\/p>\n<p>C\u2019est une journ\u00e9e volable avec des plafonds qui ne devraient pas d\u00e9passer 1800 m.<\/p>\n<p>&nbsp;<\/p>\n<p>&nbsp;<\/p>[\/et_pb_text][et_pb_button button_url=&#8221;https:\/\/www.bluehouse.fr\/JB6\/carnet-de-vol\/2024\/06\/24\/saint-hilaire-40\/&#8221; button_text=&#8221;Le vol du jour&#8221; _builder_version=&#8221;4.25.2&#8243; _module_preset=&#8221;default&#8221; locked=&#8221;off&#8221; global_colors_info=&#8221;{}&#8221; theme_builder_area=&#8221;post_content&#8221;][\/et_pb_button][\/et_pb_column][et_pb_column type=&#8221;1_2&#8243; _builder_version=&#8221;4.25.1&#8243; _module_preset=&#8221;default&#8221; global_colors_info=&#8221;{}&#8221; theme_builder_area=&#8221;post_content&#8221;][et_pb_image src=&#8221;https:\/\/www.bluehouse.fr\/JB6\/carnet-de-vol\/wp-content\/uploads\/2024\/06\/2024-06-23T2000_meteogram_airplus_hd.png&#8221; title_text=&#8221;2024-06-23T2000_meteogram_airplus_hd&#8221; show_in_lightbox=&#8221;on&#8221; _builder_version=&#8221;4.25.2&#8243; _module_preset=&#8221;default&#8221; width=&#8221;84%&#8221; global_colors_info=&#8221;{}&#8221; theme_builder_area=&#8221;post_content&#8221;][\/et_pb_image][\/et_pb_column][\/et_pb_row][et_pb_row admin_label=&#8221;s\u00e9parateur&#8221; _builder_version=&#8221;4.25.2&#8243; _module_preset=&#8221;default&#8221; collapsed=&#8221;on&#8221; global_colors_info=&#8221;{}&#8221; theme_builder_area=&#8221;post_content&#8221;][et_pb_column type=&#8221;4_4&#8243; _builder_version=&#8221;4.25.2&#8243; _module_preset=&#8221;default&#8221; global_colors_info=&#8221;{}&#8221; theme_builder_area=&#8221;post_content&#8221;][et_pb_divider _builder_version=&#8221;4.25.2&#8243; _module_preset=&#8221;default&#8221; global_colors_info=&#8221;{}&#8221; theme_builder_area=&#8221;post_content&#8221;][\/et_pb_divider][\/et_pb_column][\/et_pb_row][et_pb_row column_structure=&#8221;1_2,1_2&#8243; admin_label=&#8221;St-Hil 16\/06\/2024&#8243; _builder_version=&#8221;4.25.2&#8243; _module_preset=&#8221;default&#8221; locked=&#8221;off&#8221; collapsed=&#8221;on&#8221; global_colors_info=&#8221;{}&#8221; theme_builder_area=&#8221;post_content&#8221;][et_pb_column type=&#8221;1_2&#8243; _builder_version=&#8221;4.25.1&#8243; _module_preset=&#8221;default&#8221; global_colors_info=&#8221;{}&#8221; theme_builder_area=&#8221;post_content&#8221;][et_pb_text _builder_version=&#8221;4.25.2&#8243; _module_preset=&#8221;default&#8221; global_colors_info=&#8221;{}&#8221; theme_builder_area=&#8221;post_content&#8221;]<p><strong>Pr\u00e9visions pour St-Hil le 16\/06\/2024 \u00e9tablies le 15\/06\/2024 \u00e0 19h 30<\/strong><\/p>\n<p>\u00a0\u00c0 partir de 12h<\/p>\n<p>Vent : \u00e0 1000 m, tendance sud 10 km\/h.<br \/>Temp\u00e9rature : 18\u00b0<\/p>\n<p>Inversion entre 1000 m et 1200 m (base des nuages \u00e0 1200 m)<br \/>Bonne Instabilit\u00e9 sous l\u2019inversion<\/p>\n<p>\u00a0L\u2019inversion se r\u00e9sorbe vers 14h et le plafond monte \u00e0 1800 m<\/p>\n<p>\u00a0Pas de pr\u00e9cipitations pr\u00e9vues<\/p>\n<p>C\u2019est une journ\u00e9e volable avec des plafonds qui devraient d\u00e9passer 2000 m.<\/p>\n<p>&nbsp;<\/p>\n<p>&nbsp;<\/p>[\/et_pb_text][et_pb_button button_url=&#8221;https:\/\/www.bluehouse.fr\/JB6\/carnet-de-vol\/2024\/06\/16\/saint-hilaire-39\/&#8221; button_text=&#8221;Le vol du jour&#8221; _builder_version=&#8221;4.25.2&#8243; _module_preset=&#8221;default&#8221; locked=&#8221;off&#8221; global_colors_info=&#8221;{}&#8221; theme_builder_area=&#8221;post_content&#8221;][\/et_pb_button][\/et_pb_column][et_pb_column type=&#8221;1_2&#8243; _builder_version=&#8221;4.25.1&#8243; _module_preset=&#8221;default&#8221; global_colors_info=&#8221;{}&#8221; theme_builder_area=&#8221;post_content&#8221;][et_pb_image src=&#8221;https:\/\/www.bluehouse.fr\/JB6\/carnet-de-vol\/wp-content\/uploads\/2024\/06\/2024-06-15T1700_meteogram_airplus_hd.png&#8221; title_text=&#8221;2024-06-15T1700_meteogram_airplus_hd&#8221; show_in_lightbox=&#8221;on&#8221; _builder_version=&#8221;4.25.2&#8243; _module_preset=&#8221;default&#8221; width=&#8221;84%&#8221; global_colors_info=&#8221;{}&#8221; theme_builder_area=&#8221;post_content&#8221;][\/et_pb_image][\/et_pb_column][\/et_pb_row][et_pb_row admin_label=&#8221;s\u00e9parateur&#8221; _builder_version=&#8221;4.25.2&#8243; _module_preset=&#8221;default&#8221; collapsed=&#8221;on&#8221; global_colors_info=&#8221;{}&#8221; theme_builder_area=&#8221;post_content&#8221;][et_pb_column type=&#8221;4_4&#8243; _builder_version=&#8221;4.25.2&#8243; _module_preset=&#8221;default&#8221; global_colors_info=&#8221;{}&#8221; theme_builder_area=&#8221;post_content&#8221;][et_pb_divider _builder_version=&#8221;4.25.2&#8243; _module_preset=&#8221;default&#8221; global_colors_info=&#8221;{}&#8221; theme_builder_area=&#8221;post_content&#8221;][\/et_pb_divider][\/et_pb_column][\/et_pb_row][et_pb_row column_structure=&#8221;1_2,1_2&#8243; admin_label=&#8221;St-Hil 13\/06\/2024&#8243; _builder_version=&#8221;4.25.1&#8243; _module_preset=&#8221;default&#8221; locked=&#8221;off&#8221; collapsed=&#8221;on&#8221; global_colors_info=&#8221;{}&#8221; theme_builder_area=&#8221;post_content&#8221;][et_pb_column type=&#8221;1_2&#8243; _builder_version=&#8221;4.25.1&#8243; _module_preset=&#8221;default&#8221; global_colors_info=&#8221;{}&#8221; theme_builder_area=&#8221;post_content&#8221;][et_pb_text _builder_version=&#8221;4.25.1&#8243; _module_preset=&#8221;default&#8221; global_colors_info=&#8221;{}&#8221; theme_builder_area=&#8221;post_content&#8221;]<p><strong>Pr\u00e9visions pour St-Hil le 13\/06\/2024 \u00e9tablies le 12\/06\/2024 \u00e0 19h 30<\/strong><\/p>\n<p>\u00c0 partir de 12h<\/p>\n<p>Vent : \u00e0 1500 m, tendance nord 10 km\/h avec des rafales d&#8217;est \u00e0 15 km\/h.<br \/>Temp\u00e9rature : 15\u00b0<\/p>\n<p>Base des nuages \u00e0 1700 m puis 1800 m \u00e0 partir de 15h<br \/>Instable jusqu&#8217;\u00e0\u00a0 2500 m, inversion entre 2500 m et 2800 m<\/p>\n<p>&nbsp;<\/p>\n<p>Pas de pr\u00e9cipitations pr\u00e9vues<\/p>\n<p>Je pense que c\u2019est une journ\u00e9e volable avec des plafonds qui devraient d\u00e9passer 2000 m.<\/p>\n<p>&nbsp;<\/p>[\/et_pb_text][et_pb_button button_url=&#8221;https:\/\/www.bluehouse.fr\/JB6\/carnet-de-vol\/2024\/06\/13\/saint-hilaire-38\/&#8221; button_text=&#8221;Le vol du jour&#8221; _builder_version=&#8221;4.25.2&#8243; _module_preset=&#8221;default&#8221; locked=&#8221;off&#8221; global_colors_info=&#8221;{}&#8221; theme_builder_area=&#8221;post_content&#8221;][\/et_pb_button][\/et_pb_column][et_pb_column type=&#8221;1_2&#8243; _builder_version=&#8221;4.25.1&#8243; _module_preset=&#8221;default&#8221; global_colors_info=&#8221;{}&#8221; theme_builder_area=&#8221;post_content&#8221;][et_pb_image src=&#8221;https:\/\/www.bluehouse.fr\/JB6\/carnet-de-vol\/wp-content\/uploads\/2024\/06\/2024-06-12T1700_meteogram_airplus_hd.png&#8221; title_text=&#8221;2024-06-12T1700_meteogram_airplus_hd&#8221; show_in_lightbox=&#8221;on&#8221; _builder_version=&#8221;4.25.1&#8243; _module_preset=&#8221;default&#8221; width=&#8221;84%&#8221; global_colors_info=&#8221;{}&#8221; theme_builder_area=&#8221;post_content&#8221;][\/et_pb_image][\/et_pb_column][\/et_pb_row][et_pb_row admin_label=&#8221;s\u00e9parateur&#8221; _builder_version=&#8221;4.25.2&#8243; _module_preset=&#8221;default&#8221; collapsed=&#8221;on&#8221; global_colors_info=&#8221;{}&#8221; theme_builder_area=&#8221;post_content&#8221;][et_pb_column type=&#8221;4_4&#8243; _builder_version=&#8221;4.25.2&#8243; _module_preset=&#8221;default&#8221; global_colors_info=&#8221;{}&#8221; theme_builder_area=&#8221;post_content&#8221;][et_pb_divider _builder_version=&#8221;4.25.2&#8243; _module_preset=&#8221;default&#8221; global_colors_info=&#8221;{}&#8221; theme_builder_area=&#8221;post_content&#8221;][\/et_pb_divider][\/et_pb_column][\/et_pb_row][et_pb_row column_structure=&#8221;1_2,1_2&#8243; admin_label=&#8221;Montlambert 12\/06\/2024&#8243; _builder_version=&#8221;4.25.1&#8243; _module_preset=&#8221;default&#8221; locked=&#8221;off&#8221; collapsed=&#8221;on&#8221; global_colors_info=&#8221;{}&#8221; theme_builder_area=&#8221;post_content&#8221;][et_pb_column type=&#8221;1_2&#8243; _builder_version=&#8221;4.25.1&#8243; _module_preset=&#8221;default&#8221; global_colors_info=&#8221;{}&#8221; theme_builder_area=&#8221;post_content&#8221;][et_pb_text _builder_version=&#8221;4.25.1&#8243; _module_preset=&#8221;default&#8221; global_colors_info=&#8221;{}&#8221; theme_builder_area=&#8221;post_content&#8221;]<p><strong>Pr\u00e9visions pour Montlambert le 12\/06\/2024 \u00e9tablies le 11\/06\/2024 \u00e0 19h 30<\/strong><\/p>\n<p>\u00c0 1500 m \u00e0 partir de 12h<\/p>\n<p>Vent : tendance nord 15 km\/h avec des rafales de nord \u00e0 20 km\/h.<br \/>Mais le site de Montlamb est prot\u00e9g\u00e9 du nord.<\/p>\n<p>Temp\u00e9rature : 15\u00b0<\/p>\n<p>Tr\u00e8s peu de nuages sur une faible \u00e9paisseur \u00e0 partir de 2000 m<\/p>\n<p>L&#8217;\u00e9magramme de 12h montre des nuages convectifs \u00e0 3800 m et une forte instabilit\u00e9 entre 1300 m et 2900 m avec un blocage \u00e0 3200 m<br \/>Mais \u00e0 partir de 14h la base des nuages se forme vers 2100 m.<\/p>\n<p>Pas de pr\u00e9cipitations pr\u00e9vues<\/p>\n<p>Je pense que c\u2019est une journ\u00e9e volable avec des plafonds qui devraient d\u00e9passer 2000 m.<\/p>\n<p>&nbsp;<\/p>[\/et_pb_text][et_pb_button button_url=&#8221;https:\/\/www.bluehouse.fr\/JB6\/carnet-de-vol\/2024\/06\/12\/montlambert-4\/&#8221; button_text=&#8221;Le vol du jour&#8221; _builder_version=&#8221;4.25.2&#8243; _module_preset=&#8221;default&#8221; locked=&#8221;off&#8221; global_colors_info=&#8221;{}&#8221; theme_builder_area=&#8221;post_content&#8221;][\/et_pb_button][\/et_pb_column][et_pb_column type=&#8221;1_2&#8243; _builder_version=&#8221;4.25.1&#8243; _module_preset=&#8221;default&#8221; global_colors_info=&#8221;{}&#8221; theme_builder_area=&#8221;post_content&#8221;][et_pb_image src=&#8221;https:\/\/www.bluehouse.fr\/JB6\/carnet-de-vol\/wp-content\/uploads\/2024\/06\/2024-06-11T1700_meteogram_airplus_hd.png&#8221; title_text=&#8221;2024-06-11T1700_meteogram_airplus_hd&#8221; show_in_lightbox=&#8221;on&#8221; _builder_version=&#8221;4.25.1&#8243; _module_preset=&#8221;default&#8221; width=&#8221;84%&#8221; global_colors_info=&#8221;{}&#8221; theme_builder_area=&#8221;post_content&#8221;][\/et_pb_image][et_pb_image src=&#8221;https:\/\/www.bluehouse.fr\/JB6\/carnet-de-vol\/wp-content\/uploads\/2024\/06\/capture-2024-06-11-a-19.33.15.jpg&#8221; title_text=&#8221;Screenshot&#8221; _builder_version=&#8221;4.25.1&#8243; _module_preset=&#8221;default&#8221; global_colors_info=&#8221;{}&#8221; theme_builder_area=&#8221;post_content&#8221;][\/et_pb_image][\/et_pb_column][\/et_pb_row][et_pb_row admin_label=&#8221;s\u00e9parateur&#8221; _builder_version=&#8221;4.25.2&#8243; _module_preset=&#8221;default&#8221; collapsed=&#8221;on&#8221; global_colors_info=&#8221;{}&#8221; theme_builder_area=&#8221;post_content&#8221;][et_pb_column type=&#8221;4_4&#8243; _builder_version=&#8221;4.25.2&#8243; _module_preset=&#8221;default&#8221; global_colors_info=&#8221;{}&#8221; theme_builder_area=&#8221;post_content&#8221;][et_pb_divider _builder_version=&#8221;4.25.2&#8243; _module_preset=&#8221;default&#8221; global_colors_info=&#8221;{}&#8221; theme_builder_area=&#8221;post_content&#8221;][\/et_pb_divider][\/et_pb_column][\/et_pb_row][et_pb_row column_structure=&#8221;1_2,1_2&#8243; admin_label=&#8221;St Hil le 10\/06\/2024&#8243; _builder_version=&#8221;4.25.1&#8243; _module_preset=&#8221;default&#8221; locked=&#8221;off&#8221; collapsed=&#8221;on&#8221; global_colors_info=&#8221;{}&#8221; theme_builder_area=&#8221;post_content&#8221;][et_pb_column type=&#8221;1_2&#8243; _builder_version=&#8221;4.25.1&#8243; _module_preset=&#8221;default&#8221; global_colors_info=&#8221;{}&#8221; theme_builder_area=&#8221;post_content&#8221;][et_pb_text admin_label=&#8221;St Hil le 10\/06\/2024&#8243; _builder_version=&#8221;4.25.1&#8243; _module_preset=&#8221;default&#8221; global_colors_info=&#8221;{}&#8221; theme_builder_area=&#8221;post_content&#8221;]<p><strong>Pr\u00e9visions pour St Hil le 10\/06\/2024 \u00e9tablies le 10\/06\/2024 \u00e0 8h 30<\/strong><\/p>\n<p>\u00c0 1000 m \u00e0 partir de 12h<\/p>\n<p>Vent : tendance nord 10 km\/h avec des rafales de nord \u00e0 15 km\/h.<\/p>\n<p>Temp\u00e9rature : 15\u00b0<\/p>\n<p>Nuages convectifs avec une base \u00e0 1700 m qui monte \u00e0 1800 m vers 15h<br \/>Instabilit\u00e9 du sol jusqu\u2019\u00e0 3000 m, blocage entre 3000 m et 3300 m<\/p>\n<p>Pas de pr\u00e9cipitations pr\u00e9vues<\/p>\n<p>Je pense que c\u2019est une journ\u00e9e volable mais avec des plafonds limit\u00e9s.<\/p>\n<p>&nbsp;<\/p>[\/et_pb_text][\/et_pb_column][et_pb_column type=&#8221;1_2&#8243; _builder_version=&#8221;4.25.1&#8243; _module_preset=&#8221;default&#8221; global_colors_info=&#8221;{}&#8221; theme_builder_area=&#8221;post_content&#8221;][et_pb_image src=&#8221;https:\/\/www.bluehouse.fr\/JB6\/carnet-de-vol\/wp-content\/uploads\/2024\/06\/2024-06-10T0600_meteogram_airplus_hd.png&#8221; title_text=&#8221;2024-06-10T0600_meteogram_airplus_hd&#8221; show_in_lightbox=&#8221;on&#8221; _builder_version=&#8221;4.25.1&#8243; _module_preset=&#8221;default&#8221; width=&#8221;84%&#8221; global_colors_info=&#8221;{}&#8221; theme_builder_area=&#8221;post_content&#8221;][\/et_pb_image][\/et_pb_column][\/et_pb_row][et_pb_row admin_label=&#8221;s\u00e9parateur&#8221; _builder_version=&#8221;4.25.2&#8243; _module_preset=&#8221;default&#8221; collapsed=&#8221;on&#8221; global_colors_info=&#8221;{}&#8221; theme_builder_area=&#8221;post_content&#8221;][et_pb_column type=&#8221;4_4&#8243; _builder_version=&#8221;4.25.2&#8243; _module_preset=&#8221;default&#8221; global_colors_info=&#8221;{}&#8221; theme_builder_area=&#8221;post_content&#8221;][et_pb_divider _builder_version=&#8221;4.25.2&#8243; _module_preset=&#8221;default&#8221; global_colors_info=&#8221;{}&#8221; theme_builder_area=&#8221;post_content&#8221;][\/et_pb_divider][\/et_pb_column][\/et_pb_row][et_pb_row _builder_version=&#8221;4.25.1&#8243; _module_preset=&#8221;default&#8221; collapsed=&#8221;on&#8221; global_colors_info=&#8221;{}&#8221; theme_builder_area=&#8221;post_content&#8221;][et_pb_column type=&#8221;4_4&#8243; _builder_version=&#8221;4.25.1&#8243; _module_preset=&#8221;default&#8221; global_colors_info=&#8221;{}&#8221; theme_builder_area=&#8221;post_content&#8221;][et_pb_text admin_label=&#8221;07\/06\/2024 &#8211; 9h&#8221; _builder_version=&#8221;4.25.1&#8243; _module_preset=&#8221;default&#8221; locked=&#8221;off&#8221; global_colors_info=&#8221;{}&#8221; theme_builder_area=&#8221;post_content&#8221;]<p>07\/06\/2024 &#8211; 9h<\/p>\n<p>St-Hil<\/p>[\/et_pb_text][et_pb_image src=&#8221;https:\/\/www.bluehouse.fr\/JB6\/carnet-de-vol\/wp-content\/uploads\/2024\/06\/2024-06-07T0600_meteogram_airplus_hd.png&#8221; title_text=&#8221;2024-06-07T0600_meteogram_airplus_hd&#8221; show_in_lightbox=&#8221;on&#8221; _builder_version=&#8221;4.25.1&#8243; _module_preset=&#8221;default&#8221; width=&#8221;50%&#8221; locked=&#8221;off&#8221; global_colors_info=&#8221;{}&#8221; theme_builder_area=&#8221;post_content&#8221;][\/et_pb_image][et_pb_divider _builder_version=&#8221;4.25.1&#8243; _module_preset=&#8221;default&#8221; locked=&#8221;off&#8221; global_colors_info=&#8221;{}&#8221; theme_builder_area=&#8221;post_content&#8221;][\/et_pb_divider][et_pb_text admin_label=&#8221;06\/06\/2024 &#8211; 9h&#8221; _builder_version=&#8221;4.25.1&#8243; _module_preset=&#8221;default&#8221; locked=&#8221;off&#8221; global_colors_info=&#8221;{}&#8221; theme_builder_area=&#8221;post_content&#8221;]<p>06\/06\/2024 -9h<\/p>\n<p>St-Hil<\/p>\n<p><a href=\"https:\/\/www.bluehouse.fr\/JB6\/carnet-de-vol\/wp-content\/uploads\/2024\/06\/2024-06-06T0800_meteogram_airplus_hd.png\"><img loading=\"lazy\" decoding=\"async\" src=\"https:\/\/www.bluehouse.fr\/JB6\/carnet-de-vol\/wp-content\/uploads\/2024\/06\/2024-06-06T0800_meteogram_airplus_hd-250x300.png\" width=\"250\" height=\"300\" alt=\"\" class=\"wp-image-243250 alignnone size-medium\" \/><\/a><\/p>[\/et_pb_text][\/et_pb_column][\/et_pb_row][\/et_pb_section]\n","protected":false},"excerpt":{"rendered":"<p>Archives m\u00e9t\u00e9o juin 2024Pr\u00e9visions pour St-Hil le 28\/06\/2024 \u00e9tablies le 28\/06\/2024 \u00e0 8h 30 \u00c0 partir de 12h Vent : \u00e0 1000 m, tendance sud-ouest 10 km\/h.Temp\u00e9rature : 26\u00b0 Base des nuages vers 1800 m qui s&#8217;\u00e9l\u00e8ve jusqu&#8217;\u00e0 2400 m vers 15h mais apparition d&#8217;un voile de cirus qui va sans doute couper les thermiques.Instabilit\u00e9 [&hellip;]<\/p>\n","protected":false},"author":57,"featured_media":0,"comment_status":"open","ping_status":"closed","template":"","meta":{"_et_pb_use_builder":"on","_et_pb_old_content":"<!-- wp:divi\/placeholder \/-->","_et_gb_content_width":"","_joinchat":[],"footnotes":""},"project_category":[117],"project_tag":[],"class_list":["post-243655","project","type-project","status-publish","hentry","project_category-juin-2024"],"yoast_head":"<!-- This site is optimized with the Yoast SEO plugin v27.5 - https:\/\/yoast.com\/product\/yoast-seo-wordpress\/ -->\n<title>- Juin 2024 - Carnet de Vol<\/title>\n<meta name=\"robots\" content=\"index, follow, max-snippet:-1, max-image-preview:large, max-video-preview:-1\" \/>\n<link rel=\"canonical\" href=\"https:\/\/www.bluehouse.fr\/JB6\/carnet-de-vol\/project\/archives-meteo-juin-2024\/\" \/>\n<meta property=\"og:locale\" content=\"fr_FR\" \/>\n<meta property=\"og:type\" content=\"article\" \/>\n<meta property=\"og:title\" content=\"- Juin 2024 - Carnet de Vol\" \/>\n<meta property=\"og:description\" content=\"Archives m\u00e9t\u00e9o juin 2024Pr\u00e9visions pour St-Hil le 28\/06\/2024 \u00e9tablies le 28\/06\/2024 \u00e0 8h 30 \u00c0 partir de 12h Vent : \u00e0 1000 m, tendance sud-ouest 10 km\/h.Temp\u00e9rature : 26\u00b0 Base des nuages vers 1800 m qui s&#039;\u00e9l\u00e8ve jusqu&#039;\u00e0 2400 m vers 15h mais apparition d&#039;un voile de cirus qui va sans doute couper les thermiques.Instabilit\u00e9 [&hellip;]\" \/>\n<meta property=\"og:url\" content=\"https:\/\/www.bluehouse.fr\/JB6\/carnet-de-vol\/project\/archives-meteo-juin-2024\/\" \/>\n<meta property=\"og:site_name\" content=\"Carnet de Vol\" \/>\n<meta property=\"article:modified_time\" content=\"2024-06-29T08:10:43+00:00\" \/>\n<meta property=\"og:image\" content=\"https:\/\/www.bluehouse.fr\/JB6\/carnet-de-vol\/wp-content\/uploads\/2024\/06\/2024-06-06T0800_meteogram_airplus_hd-250x300.png\" \/>\n<meta name=\"twitter:card\" content=\"summary_large_image\" \/>\n<meta name=\"twitter:label1\" content=\"Dur\u00e9e de lecture estim\u00e9e\" \/>\n\t<meta name=\"twitter:data1\" content=\"6 minutes\" \/>\n<script type=\"application\/ld+json\" class=\"yoast-schema-graph\">{\"@context\":\"https:\\\/\\\/schema.org\",\"@graph\":[{\"@type\":\"WebPage\",\"@id\":\"https:\\\/\\\/www.bluehouse.fr\\\/JB6\\\/carnet-de-vol\\\/project\\\/archives-meteo-juin-2024\\\/\",\"url\":\"https:\\\/\\\/www.bluehouse.fr\\\/JB6\\\/carnet-de-vol\\\/project\\\/archives-meteo-juin-2024\\\/\",\"name\":\"- Juin 2024 - Carnet de Vol\",\"isPartOf\":{\"@id\":\"https:\\\/\\\/www.bluehouse.fr\\\/JB6\\\/carnet-de-vol\\\/#website\"},\"primaryImageOfPage\":{\"@id\":\"https:\\\/\\\/www.bluehouse.fr\\\/JB6\\\/carnet-de-vol\\\/project\\\/archives-meteo-juin-2024\\\/#primaryimage\"},\"image\":{\"@id\":\"https:\\\/\\\/www.bluehouse.fr\\\/JB6\\\/carnet-de-vol\\\/project\\\/archives-meteo-juin-2024\\\/#primaryimage\"},\"thumbnailUrl\":\"https:\\\/\\\/www.bluehouse.fr\\\/JB6\\\/carnet-de-vol\\\/wp-content\\\/uploads\\\/2024\\\/06\\\/2024-06-06T0800_meteogram_airplus_hd-250x300.png\",\"datePublished\":\"2024-06-29T07:54:36+00:00\",\"dateModified\":\"2024-06-29T08:10:43+00:00\",\"breadcrumb\":{\"@id\":\"https:\\\/\\\/www.bluehouse.fr\\\/JB6\\\/carnet-de-vol\\\/project\\\/archives-meteo-juin-2024\\\/#breadcrumb\"},\"inLanguage\":\"fr-FR\",\"potentialAction\":[{\"@type\":\"ReadAction\",\"target\":[\"https:\\\/\\\/www.bluehouse.fr\\\/JB6\\\/carnet-de-vol\\\/project\\\/archives-meteo-juin-2024\\\/\"]}]},{\"@type\":\"ImageObject\",\"inLanguage\":\"fr-FR\",\"@id\":\"https:\\\/\\\/www.bluehouse.fr\\\/JB6\\\/carnet-de-vol\\\/project\\\/archives-meteo-juin-2024\\\/#primaryimage\",\"url\":\"https:\\\/\\\/www.bluehouse.fr\\\/JB6\\\/carnet-de-vol\\\/wp-content\\\/uploads\\\/2024\\\/06\\\/2024-06-06T0800_meteogram_airplus_hd.png\",\"contentUrl\":\"https:\\\/\\\/www.bluehouse.fr\\\/JB6\\\/carnet-de-vol\\\/wp-content\\\/uploads\\\/2024\\\/06\\\/2024-06-06T0800_meteogram_airplus_hd.png\",\"width\":3000,\"height\":3600},{\"@type\":\"BreadcrumbList\",\"@id\":\"https:\\\/\\\/www.bluehouse.fr\\\/JB6\\\/carnet-de-vol\\\/project\\\/archives-meteo-juin-2024\\\/#breadcrumb\",\"itemListElement\":[{\"@type\":\"ListItem\",\"position\":1,\"name\":\"Accueil\",\"item\":\"https:\\\/\\\/www.bluehouse.fr\\\/JB6\\\/carnet-de-vol\\\/\"},{\"@type\":\"ListItem\",\"position\":2,\"name\":\"Projets\",\"item\":\"https:\\\/\\\/www.bluehouse.fr\\\/JB6\\\/carnet-de-vol\\\/project\\\/\"},{\"@type\":\"ListItem\",\"position\":3,\"name\":\"&#8211; Juin 2024\"}]},{\"@type\":\"WebSite\",\"@id\":\"https:\\\/\\\/www.bluehouse.fr\\\/JB6\\\/carnet-de-vol\\\/#website\",\"url\":\"https:\\\/\\\/www.bluehouse.fr\\\/JB6\\\/carnet-de-vol\\\/\",\"name\":\"Carnet de Vol\",\"description\":\"Carnet de Vol Parapente\",\"publisher\":{\"@id\":\"https:\\\/\\\/www.bluehouse.fr\\\/JB6\\\/carnet-de-vol\\\/#organization\"},\"potentialAction\":[{\"@type\":\"SearchAction\",\"target\":{\"@type\":\"EntryPoint\",\"urlTemplate\":\"https:\\\/\\\/www.bluehouse.fr\\\/JB6\\\/carnet-de-vol\\\/?s={search_term_string}\"},\"query-input\":{\"@type\":\"PropertyValueSpecification\",\"valueRequired\":true,\"valueName\":\"search_term_string\"}}],\"inLanguage\":\"fr-FR\"},{\"@type\":\"Organization\",\"@id\":\"https:\\\/\\\/www.bluehouse.fr\\\/JB6\\\/carnet-de-vol\\\/#organization\",\"name\":\"Carnet de Vol\",\"url\":\"https:\\\/\\\/www.bluehouse.fr\\\/JB6\\\/carnet-de-vol\\\/\",\"logo\":{\"@type\":\"ImageObject\",\"inLanguage\":\"fr-FR\",\"@id\":\"https:\\\/\\\/www.bluehouse.fr\\\/JB6\\\/carnet-de-vol\\\/#\\\/schema\\\/logo\\\/image\\\/\",\"url\":\"https:\\\/\\\/www.bluehouse.fr\\\/JB6\\\/carnet-de-vol\\\/wp-content\\\/uploads\\\/2023\\\/11\\\/logo.png\",\"contentUrl\":\"https:\\\/\\\/www.bluehouse.fr\\\/JB6\\\/carnet-de-vol\\\/wp-content\\\/uploads\\\/2023\\\/11\\\/logo.png\",\"width\":400,\"height\":400,\"caption\":\"Carnet de Vol\"},\"image\":{\"@id\":\"https:\\\/\\\/www.bluehouse.fr\\\/JB6\\\/carnet-de-vol\\\/#\\\/schema\\\/logo\\\/image\\\/\"}}]}<\/script>\n<!-- \/ Yoast SEO plugin. -->","yoast_head_json":{"title":"- Juin 2024 - Carnet de Vol","robots":{"index":"index","follow":"follow","max-snippet":"max-snippet:-1","max-image-preview":"max-image-preview:large","max-video-preview":"max-video-preview:-1"},"canonical":"https:\/\/www.bluehouse.fr\/JB6\/carnet-de-vol\/project\/archives-meteo-juin-2024\/","og_locale":"fr_FR","og_type":"article","og_title":"- Juin 2024 - Carnet de Vol","og_description":"Archives m\u00e9t\u00e9o juin 2024Pr\u00e9visions pour St-Hil le 28\/06\/2024 \u00e9tablies le 28\/06\/2024 \u00e0 8h 30 \u00c0 partir de 12h Vent : \u00e0 1000 m, tendance sud-ouest 10 km\/h.Temp\u00e9rature : 26\u00b0 Base des nuages vers 1800 m qui s'\u00e9l\u00e8ve jusqu'\u00e0 2400 m vers 15h mais apparition d'un voile de cirus qui va sans doute couper les thermiques.Instabilit\u00e9 [&hellip;]","og_url":"https:\/\/www.bluehouse.fr\/JB6\/carnet-de-vol\/project\/archives-meteo-juin-2024\/","og_site_name":"Carnet de Vol","article_modified_time":"2024-06-29T08:10:43+00:00","og_image":[{"url":"https:\/\/www.bluehouse.fr\/JB6\/carnet-de-vol\/wp-content\/uploads\/2024\/06\/2024-06-06T0800_meteogram_airplus_hd-250x300.png","type":"","width":"","height":""}],"twitter_card":"summary_large_image","twitter_misc":{"Dur\u00e9e de lecture estim\u00e9e":"6 minutes"},"schema":{"@context":"https:\/\/schema.org","@graph":[{"@type":"WebPage","@id":"https:\/\/www.bluehouse.fr\/JB6\/carnet-de-vol\/project\/archives-meteo-juin-2024\/","url":"https:\/\/www.bluehouse.fr\/JB6\/carnet-de-vol\/project\/archives-meteo-juin-2024\/","name":"- Juin 2024 - Carnet de Vol","isPartOf":{"@id":"https:\/\/www.bluehouse.fr\/JB6\/carnet-de-vol\/#website"},"primaryImageOfPage":{"@id":"https:\/\/www.bluehouse.fr\/JB6\/carnet-de-vol\/project\/archives-meteo-juin-2024\/#primaryimage"},"image":{"@id":"https:\/\/www.bluehouse.fr\/JB6\/carnet-de-vol\/project\/archives-meteo-juin-2024\/#primaryimage"},"thumbnailUrl":"https:\/\/www.bluehouse.fr\/JB6\/carnet-de-vol\/wp-content\/uploads\/2024\/06\/2024-06-06T0800_meteogram_airplus_hd-250x300.png","datePublished":"2024-06-29T07:54:36+00:00","dateModified":"2024-06-29T08:10:43+00:00","breadcrumb":{"@id":"https:\/\/www.bluehouse.fr\/JB6\/carnet-de-vol\/project\/archives-meteo-juin-2024\/#breadcrumb"},"inLanguage":"fr-FR","potentialAction":[{"@type":"ReadAction","target":["https:\/\/www.bluehouse.fr\/JB6\/carnet-de-vol\/project\/archives-meteo-juin-2024\/"]}]},{"@type":"ImageObject","inLanguage":"fr-FR","@id":"https:\/\/www.bluehouse.fr\/JB6\/carnet-de-vol\/project\/archives-meteo-juin-2024\/#primaryimage","url":"https:\/\/www.bluehouse.fr\/JB6\/carnet-de-vol\/wp-content\/uploads\/2024\/06\/2024-06-06T0800_meteogram_airplus_hd.png","contentUrl":"https:\/\/www.bluehouse.fr\/JB6\/carnet-de-vol\/wp-content\/uploads\/2024\/06\/2024-06-06T0800_meteogram_airplus_hd.png","width":3000,"height":3600},{"@type":"BreadcrumbList","@id":"https:\/\/www.bluehouse.fr\/JB6\/carnet-de-vol\/project\/archives-meteo-juin-2024\/#breadcrumb","itemListElement":[{"@type":"ListItem","position":1,"name":"Accueil","item":"https:\/\/www.bluehouse.fr\/JB6\/carnet-de-vol\/"},{"@type":"ListItem","position":2,"name":"Projets","item":"https:\/\/www.bluehouse.fr\/JB6\/carnet-de-vol\/project\/"},{"@type":"ListItem","position":3,"name":"&#8211; Juin 2024"}]},{"@type":"WebSite","@id":"https:\/\/www.bluehouse.fr\/JB6\/carnet-de-vol\/#website","url":"https:\/\/www.bluehouse.fr\/JB6\/carnet-de-vol\/","name":"Carnet de Vol","description":"Carnet de Vol Parapente","publisher":{"@id":"https:\/\/www.bluehouse.fr\/JB6\/carnet-de-vol\/#organization"},"potentialAction":[{"@type":"SearchAction","target":{"@type":"EntryPoint","urlTemplate":"https:\/\/www.bluehouse.fr\/JB6\/carnet-de-vol\/?s={search_term_string}"},"query-input":{"@type":"PropertyValueSpecification","valueRequired":true,"valueName":"search_term_string"}}],"inLanguage":"fr-FR"},{"@type":"Organization","@id":"https:\/\/www.bluehouse.fr\/JB6\/carnet-de-vol\/#organization","name":"Carnet de Vol","url":"https:\/\/www.bluehouse.fr\/JB6\/carnet-de-vol\/","logo":{"@type":"ImageObject","inLanguage":"fr-FR","@id":"https:\/\/www.bluehouse.fr\/JB6\/carnet-de-vol\/#\/schema\/logo\/image\/","url":"https:\/\/www.bluehouse.fr\/JB6\/carnet-de-vol\/wp-content\/uploads\/2023\/11\/logo.png","contentUrl":"https:\/\/www.bluehouse.fr\/JB6\/carnet-de-vol\/wp-content\/uploads\/2023\/11\/logo.png","width":400,"height":400,"caption":"Carnet de Vol"},"image":{"@id":"https:\/\/www.bluehouse.fr\/JB6\/carnet-de-vol\/#\/schema\/logo\/image\/"}}]}},"jetpack_sharing_enabled":true,"_links":{"self":[{"href":"https:\/\/www.bluehouse.fr\/JB6\/carnet-de-vol\/wp-json\/wp\/v2\/project\/243655","targetHints":{"allow":["GET"]}}],"collection":[{"href":"https:\/\/www.bluehouse.fr\/JB6\/carnet-de-vol\/wp-json\/wp\/v2\/project"}],"about":[{"href":"https:\/\/www.bluehouse.fr\/JB6\/carnet-de-vol\/wp-json\/wp\/v2\/types\/project"}],"author":[{"embeddable":true,"href":"https:\/\/www.bluehouse.fr\/JB6\/carnet-de-vol\/wp-json\/wp\/v2\/users\/57"}],"replies":[{"embeddable":true,"href":"https:\/\/www.bluehouse.fr\/JB6\/carnet-de-vol\/wp-json\/wp\/v2\/comments?post=243655"}],"version-history":[{"count":9,"href":"https:\/\/www.bluehouse.fr\/JB6\/carnet-de-vol\/wp-json\/wp\/v2\/project\/243655\/revisions"}],"predecessor-version":[{"id":243671,"href":"https:\/\/www.bluehouse.fr\/JB6\/carnet-de-vol\/wp-json\/wp\/v2\/project\/243655\/revisions\/243671"}],"wp:attachment":[{"href":"https:\/\/www.bluehouse.fr\/JB6\/carnet-de-vol\/wp-json\/wp\/v2\/media?parent=243655"}],"wp:term":[{"taxonomy":"project_category","embeddable":true,"href":"https:\/\/www.bluehouse.fr\/JB6\/carnet-de-vol\/wp-json\/wp\/v2\/project_category?post=243655"},{"taxonomy":"project_tag","embeddable":true,"href":"https:\/\/www.bluehouse.fr\/JB6\/carnet-de-vol\/wp-json\/wp\/v2\/project_tag?post=243655"}],"curies":[{"name":"wp","href":"https:\/\/api.w.org\/{rel}","templated":true}]}}