{"id":240593,"date":"2023-12-26T08:45:43","date_gmt":"2023-12-26T07:45:43","guid":{"rendered":"https:\/\/www.bluehouse.fr\/JB6\/carnet-de-vol\/?post_type=project&#038;p=240593"},"modified":"2024-03-27T15:54:28","modified_gmt":"2024-03-27T14:54:28","slug":"la-legende-de-la-coupe-icare","status":"publish","type":"project","link":"https:\/\/www.bluehouse.fr\/JB6\/carnet-de-vol\/project\/la-legende-de-la-coupe-icare\/","title":{"rendered":"La l\u00e9gende de la coupe Icare"},"content":{"rendered":"<p>[et_pb_section fb_built=&#8221;1&#8243; _builder_version=&#8221;4.16&#8243; _module_preset=&#8221;default&#8221; da_disable_devices=&#8221;off|off|off&#8221; locked=&#8221;off&#8221; global_colors_info=&#8221;{}&#8221; theme_builder_area=&#8221;post_content&#8221; da_is_popup=&#8221;off&#8221; da_exit_intent=&#8221;off&#8221; da_has_close=&#8221;on&#8221; da_alt_close=&#8221;off&#8221; da_dark_close=&#8221;off&#8221; da_not_modal=&#8221;on&#8221; da_is_singular=&#8221;off&#8221; da_with_loader=&#8221;off&#8221; da_has_shadow=&#8221;on&#8221;][et_pb_row _builder_version=&#8221;4.16&#8243; _module_preset=&#8221;default&#8221; global_colors_info=&#8221;{}&#8221; theme_builder_area=&#8221;post_content&#8221;][et_pb_column type=&#8221;4_4&#8243; _builder_version=&#8221;4.16&#8243; _module_preset=&#8221;default&#8221; global_colors_info=&#8221;{}&#8221; theme_builder_area=&#8221;post_content&#8221;][et_pb_text _builder_version=&#8221;4.23.2&#8243; _module_preset=&#8221;default&#8221; header_font=&#8221;||||||||&#8221; header_text_color=&#8221;#EC631C&#8221; header_font_size=&#8221;40px&#8221; header_font_size_tablet=&#8221;40px&#8221; header_font_size_phone=&#8221;40px&#8221; header_font_size_last_edited=&#8221;on|desktop&#8221; global_colors_info=&#8221;{}&#8221; theme_builder_area=&#8221;post_content&#8221;]<\/p>\n<h1><span>La l\u00e9gende de la coupe Icare<\/span><\/h1>\n<p>[\/et_pb_text][\/et_pb_column][\/et_pb_row][et_pb_row column_structure=&#8221;2_3,1_3&#8243; _builder_version=&#8221;4.16&#8243; _module_preset=&#8221;default&#8221; global_colors_info=&#8221;{}&#8221; theme_builder_area=&#8221;post_content&#8221;][et_pb_column type=&#8221;2_3&#8243; _builder_version=&#8221;4.16&#8243; _module_preset=&#8221;default&#8221; global_colors_info=&#8221;{}&#8221; theme_builder_area=&#8221;post_content&#8221;][et_pb_video src=&#8221;https:\/\/bluehouse.fr\/videos\/online\/lci (540p).mp4&#8243; image_src=&#8221;https:\/\/www.bluehouse.fr\/JB6\/carnet-de-vol\/wp-content\/uploads\/2024\/01\/capture-2024-01-19-a-17.45.45.jpg&#8221; _builder_version=&#8221;4.24.0&#8243; _module_preset=&#8221;default&#8221; global_colors_info=&#8221;{}&#8221; theme_builder_area=&#8221;post_content&#8221;][\/et_pb_video][\/et_pb_column][et_pb_column type=&#8221;1_3&#8243; _builder_version=&#8221;4.16&#8243; _module_preset=&#8221;default&#8221; global_colors_info=&#8221;{}&#8221; theme_builder_area=&#8221;post_content&#8221;][et_pb_text _builder_version=&#8221;4.23.2&#8243; _module_preset=&#8221;default&#8221; background_color=&#8221;#efefef&#8221; custom_padding=&#8221;10px|10px|10px|10px|true|true&#8221; global_colors_info=&#8221;{}&#8221; theme_builder_area=&#8221;post_content&#8221;]<\/p>\n<p><span>Date de la r\u00e9alisation : <\/span><span>septembre 2009<br \/><\/span><\/p>\n<p><span>R\u00e9alisation \/ Montage<br \/>Jacques Bayol<\/span><span><\/span><\/p>\n<p><span>Images :<br \/>Migoo<br \/>Ina<br \/>Nasa<\/p>\n<p><\/span>Musiques :<br \/><span><\/span><span>UPPM<\/span><\/p>\n<p>[\/et_pb_text][\/et_pb_column][\/et_pb_row][et_pb_row _builder_version=&#8221;4.16&#8243; _module_preset=&#8221;default&#8221; global_colors_info=&#8221;{}&#8221; theme_builder_area=&#8221;post_content&#8221;][et_pb_column type=&#8221;4_4&#8243; _builder_version=&#8221;4.16&#8243; _module_preset=&#8221;default&#8221; global_colors_info=&#8221;{}&#8221; theme_builder_area=&#8221;post_content&#8221;][et_pb_divider _builder_version=&#8221;4.16&#8243; _module_preset=&#8221;default&#8221; global_colors_info=&#8221;{}&#8221; theme_builder_area=&#8221;post_content&#8221;][\/et_pb_divider][et_pb_text _builder_version=&#8221;4.23.2&#8243; _module_preset=&#8221;default&#8221; global_colors_info=&#8221;{}&#8221; theme_builder_area=&#8221;post_content&#8221;]<\/p>\n<h2><span>R\u00e9sum\u00e9 :<\/span><\/h2>\n<p><span>Ce documentaire de Jacques Bayol retrace l\u2019histoire de la Coupe Icare mais aussi de 50 ann\u00e9es d\u2019\u00e9volution du vol libre. Le film vous fera voyager dans le temps, des premi\u00e8res tentatives en Delta de l\u2019australien John Dickenson dans les ann\u00e9es 60 jusqu\u2019aux \u00e9poustouflantes figures acrobatiques en parapente des fr\u00e8res Rodriguez \u00e0 la 36\u00e8me Coupe Icare \u00e0 St Hilaire du Touvet en 2009.<\/span>[\/et_pb_text][\/et_pb_column][\/et_pb_row][\/et_pb_section]<\/p>\n","protected":false},"excerpt":{"rendered":"<p>La l\u00e9gende de la coupe IcareDate de la r\u00e9alisation : septembre 2009 R\u00e9alisation \/ MontageJacques Bayol Images :MigooInaNasa Musiques :UPPMR\u00e9sum\u00e9 : Ce documentaire de Jacques Bayol retrace l\u2019histoire de la Coupe Icare mais aussi de 50 ann\u00e9es d\u2019\u00e9volution du vol libre. Le film vous fera voyager dans le temps, des premi\u00e8res tentatives en Delta de [&hellip;]<\/p>\n","protected":false},"author":57,"featured_media":240600,"comment_status":"open","ping_status":"closed","template":"","meta":{"_et_pb_use_builder":"on","_et_pb_old_content":"","_et_gb_content_width":"","_joinchat":[],"footnotes":""},"project_category":[4],"project_tag":[],"class_list":["post-240593","project","type-project","status-publish","has-post-thumbnail","hentry","project_category-video"],"yoast_head":"<!-- This site is optimized with the Yoast SEO plugin v27.5 - https:\/\/yoast.com\/product\/yoast-seo-wordpress\/ -->\n<title>La l\u00e9gende de la coupe Icare - Carnet de Vol<\/title>\n<meta name=\"robots\" content=\"index, follow, max-snippet:-1, max-image-preview:large, max-video-preview:-1\" \/>\n<link rel=\"canonical\" href=\"https:\/\/www.bluehouse.fr\/JB6\/carnet-de-vol\/project\/la-legende-de-la-coupe-icare\/\" \/>\n<meta property=\"og:locale\" content=\"fr_FR\" \/>\n<meta property=\"og:type\" content=\"article\" \/>\n<meta property=\"og:title\" content=\"La l\u00e9gende de la coupe Icare - Carnet de Vol\" \/>\n<meta property=\"og:description\" content=\"La l\u00e9gende de la coupe IcareDate de la r\u00e9alisation : septembre 2009 R\u00e9alisation \/ MontageJacques Bayol Images :MigooInaNasa Musiques :UPPMR\u00e9sum\u00e9 : Ce documentaire de Jacques Bayol retrace l\u2019histoire de la Coupe Icare mais aussi de 50 ann\u00e9es d\u2019\u00e9volution du vol libre. Le film vous fera voyager dans le temps, des premi\u00e8res tentatives en Delta de [&hellip;]\" \/>\n<meta property=\"og:url\" content=\"https:\/\/www.bluehouse.fr\/JB6\/carnet-de-vol\/project\/la-legende-de-la-coupe-icare\/\" \/>\n<meta property=\"og:site_name\" content=\"Carnet de Vol\" \/>\n<meta property=\"article:modified_time\" content=\"2024-03-27T14:54:28+00:00\" \/>\n<meta property=\"og:image\" content=\"https:\/\/www.bluehouse.fr\/JB6\/carnet-de-vol\/wp-content\/uploads\/2023\/12\/capture-2023-12-26-a-08.50.41.jpg\" \/>\n\t<meta property=\"og:image:width\" content=\"1890\" \/>\n\t<meta property=\"og:image:height\" content=\"934\" \/>\n\t<meta property=\"og:image:type\" content=\"image\/jpeg\" \/>\n<meta name=\"twitter:card\" content=\"summary_large_image\" \/>\n<meta name=\"twitter:label1\" content=\"Dur\u00e9e de lecture estim\u00e9e\" \/>\n\t<meta name=\"twitter:data1\" content=\"1 minute\" \/>\n<script type=\"application\/ld+json\" class=\"yoast-schema-graph\">{\"@context\":\"https:\\\/\\\/schema.org\",\"@graph\":[{\"@type\":\"WebPage\",\"@id\":\"https:\\\/\\\/www.bluehouse.fr\\\/JB6\\\/carnet-de-vol\\\/project\\\/la-legende-de-la-coupe-icare\\\/\",\"url\":\"https:\\\/\\\/www.bluehouse.fr\\\/JB6\\\/carnet-de-vol\\\/project\\\/la-legende-de-la-coupe-icare\\\/\",\"name\":\"La l\u00e9gende de la coupe Icare - Carnet de Vol\",\"isPartOf\":{\"@id\":\"https:\\\/\\\/www.bluehouse.fr\\\/JB6\\\/carnet-de-vol\\\/#website\"},\"primaryImageOfPage\":{\"@id\":\"https:\\\/\\\/www.bluehouse.fr\\\/JB6\\\/carnet-de-vol\\\/project\\\/la-legende-de-la-coupe-icare\\\/#primaryimage\"},\"image\":{\"@id\":\"https:\\\/\\\/www.bluehouse.fr\\\/JB6\\\/carnet-de-vol\\\/project\\\/la-legende-de-la-coupe-icare\\\/#primaryimage\"},\"thumbnailUrl\":\"https:\\\/\\\/www.bluehouse.fr\\\/JB6\\\/carnet-de-vol\\\/wp-content\\\/uploads\\\/2023\\\/12\\\/capture-2023-12-26-a-08.50.41.jpg\",\"datePublished\":\"2023-12-26T07:45:43+00:00\",\"dateModified\":\"2024-03-27T14:54:28+00:00\",\"breadcrumb\":{\"@id\":\"https:\\\/\\\/www.bluehouse.fr\\\/JB6\\\/carnet-de-vol\\\/project\\\/la-legende-de-la-coupe-icare\\\/#breadcrumb\"},\"inLanguage\":\"fr-FR\",\"potentialAction\":[{\"@type\":\"ReadAction\",\"target\":[\"https:\\\/\\\/www.bluehouse.fr\\\/JB6\\\/carnet-de-vol\\\/project\\\/la-legende-de-la-coupe-icare\\\/\"]}]},{\"@type\":\"ImageObject\",\"inLanguage\":\"fr-FR\",\"@id\":\"https:\\\/\\\/www.bluehouse.fr\\\/JB6\\\/carnet-de-vol\\\/project\\\/la-legende-de-la-coupe-icare\\\/#primaryimage\",\"url\":\"https:\\\/\\\/www.bluehouse.fr\\\/JB6\\\/carnet-de-vol\\\/wp-content\\\/uploads\\\/2023\\\/12\\\/capture-2023-12-26-a-08.50.41.jpg\",\"contentUrl\":\"https:\\\/\\\/www.bluehouse.fr\\\/JB6\\\/carnet-de-vol\\\/wp-content\\\/uploads\\\/2023\\\/12\\\/capture-2023-12-26-a-08.50.41.jpg\",\"width\":1890,\"height\":934},{\"@type\":\"BreadcrumbList\",\"@id\":\"https:\\\/\\\/www.bluehouse.fr\\\/JB6\\\/carnet-de-vol\\\/project\\\/la-legende-de-la-coupe-icare\\\/#breadcrumb\",\"itemListElement\":[{\"@type\":\"ListItem\",\"position\":1,\"name\":\"Accueil\",\"item\":\"https:\\\/\\\/www.bluehouse.fr\\\/JB6\\\/carnet-de-vol\\\/\"},{\"@type\":\"ListItem\",\"position\":2,\"name\":\"Projets\",\"item\":\"https:\\\/\\\/www.bluehouse.fr\\\/JB6\\\/carnet-de-vol\\\/project\\\/\"},{\"@type\":\"ListItem\",\"position\":3,\"name\":\"La l\u00e9gende de la coupe Icare\"}]},{\"@type\":\"WebSite\",\"@id\":\"https:\\\/\\\/www.bluehouse.fr\\\/JB6\\\/carnet-de-vol\\\/#website\",\"url\":\"https:\\\/\\\/www.bluehouse.fr\\\/JB6\\\/carnet-de-vol\\\/\",\"name\":\"Carnet de Vol\",\"description\":\"Carnet de Vol Parapente\",\"publisher\":{\"@id\":\"https:\\\/\\\/www.bluehouse.fr\\\/JB6\\\/carnet-de-vol\\\/#organization\"},\"potentialAction\":[{\"@type\":\"SearchAction\",\"target\":{\"@type\":\"EntryPoint\",\"urlTemplate\":\"https:\\\/\\\/www.bluehouse.fr\\\/JB6\\\/carnet-de-vol\\\/?s={search_term_string}\"},\"query-input\":{\"@type\":\"PropertyValueSpecification\",\"valueRequired\":true,\"valueName\":\"search_term_string\"}}],\"inLanguage\":\"fr-FR\"},{\"@type\":\"Organization\",\"@id\":\"https:\\\/\\\/www.bluehouse.fr\\\/JB6\\\/carnet-de-vol\\\/#organization\",\"name\":\"Carnet de Vol\",\"url\":\"https:\\\/\\\/www.bluehouse.fr\\\/JB6\\\/carnet-de-vol\\\/\",\"logo\":{\"@type\":\"ImageObject\",\"inLanguage\":\"fr-FR\",\"@id\":\"https:\\\/\\\/www.bluehouse.fr\\\/JB6\\\/carnet-de-vol\\\/#\\\/schema\\\/logo\\\/image\\\/\",\"url\":\"https:\\\/\\\/www.bluehouse.fr\\\/JB6\\\/carnet-de-vol\\\/wp-content\\\/uploads\\\/2023\\\/11\\\/logo.png\",\"contentUrl\":\"https:\\\/\\\/www.bluehouse.fr\\\/JB6\\\/carnet-de-vol\\\/wp-content\\\/uploads\\\/2023\\\/11\\\/logo.png\",\"width\":400,\"height\":400,\"caption\":\"Carnet de Vol\"},\"image\":{\"@id\":\"https:\\\/\\\/www.bluehouse.fr\\\/JB6\\\/carnet-de-vol\\\/#\\\/schema\\\/logo\\\/image\\\/\"}}]}<\/script>\n<!-- \/ Yoast SEO plugin. -->","yoast_head_json":{"title":"La l\u00e9gende de la coupe Icare - Carnet de Vol","robots":{"index":"index","follow":"follow","max-snippet":"max-snippet:-1","max-image-preview":"max-image-preview:large","max-video-preview":"max-video-preview:-1"},"canonical":"https:\/\/www.bluehouse.fr\/JB6\/carnet-de-vol\/project\/la-legende-de-la-coupe-icare\/","og_locale":"fr_FR","og_type":"article","og_title":"La l\u00e9gende de la coupe Icare - Carnet de Vol","og_description":"La l\u00e9gende de la coupe IcareDate de la r\u00e9alisation : septembre 2009 R\u00e9alisation \/ MontageJacques Bayol Images :MigooInaNasa Musiques :UPPMR\u00e9sum\u00e9 : Ce documentaire de Jacques Bayol retrace l\u2019histoire de la Coupe Icare mais aussi de 50 ann\u00e9es d\u2019\u00e9volution du vol libre. Le film vous fera voyager dans le temps, des premi\u00e8res tentatives en Delta de [&hellip;]","og_url":"https:\/\/www.bluehouse.fr\/JB6\/carnet-de-vol\/project\/la-legende-de-la-coupe-icare\/","og_site_name":"Carnet de Vol","article_modified_time":"2024-03-27T14:54:28+00:00","og_image":[{"width":1890,"height":934,"url":"https:\/\/www.bluehouse.fr\/JB6\/carnet-de-vol\/wp-content\/uploads\/2023\/12\/capture-2023-12-26-a-08.50.41.jpg","type":"image\/jpeg"}],"twitter_card":"summary_large_image","twitter_misc":{"Dur\u00e9e de lecture estim\u00e9e":"1 minute"},"schema":{"@context":"https:\/\/schema.org","@graph":[{"@type":"WebPage","@id":"https:\/\/www.bluehouse.fr\/JB6\/carnet-de-vol\/project\/la-legende-de-la-coupe-icare\/","url":"https:\/\/www.bluehouse.fr\/JB6\/carnet-de-vol\/project\/la-legende-de-la-coupe-icare\/","name":"La l\u00e9gende de la coupe Icare - Carnet de Vol","isPartOf":{"@id":"https:\/\/www.bluehouse.fr\/JB6\/carnet-de-vol\/#website"},"primaryImageOfPage":{"@id":"https:\/\/www.bluehouse.fr\/JB6\/carnet-de-vol\/project\/la-legende-de-la-coupe-icare\/#primaryimage"},"image":{"@id":"https:\/\/www.bluehouse.fr\/JB6\/carnet-de-vol\/project\/la-legende-de-la-coupe-icare\/#primaryimage"},"thumbnailUrl":"https:\/\/www.bluehouse.fr\/JB6\/carnet-de-vol\/wp-content\/uploads\/2023\/12\/capture-2023-12-26-a-08.50.41.jpg","datePublished":"2023-12-26T07:45:43+00:00","dateModified":"2024-03-27T14:54:28+00:00","breadcrumb":{"@id":"https:\/\/www.bluehouse.fr\/JB6\/carnet-de-vol\/project\/la-legende-de-la-coupe-icare\/#breadcrumb"},"inLanguage":"fr-FR","potentialAction":[{"@type":"ReadAction","target":["https:\/\/www.bluehouse.fr\/JB6\/carnet-de-vol\/project\/la-legende-de-la-coupe-icare\/"]}]},{"@type":"ImageObject","inLanguage":"fr-FR","@id":"https:\/\/www.bluehouse.fr\/JB6\/carnet-de-vol\/project\/la-legende-de-la-coupe-icare\/#primaryimage","url":"https:\/\/www.bluehouse.fr\/JB6\/carnet-de-vol\/wp-content\/uploads\/2023\/12\/capture-2023-12-26-a-08.50.41.jpg","contentUrl":"https:\/\/www.bluehouse.fr\/JB6\/carnet-de-vol\/wp-content\/uploads\/2023\/12\/capture-2023-12-26-a-08.50.41.jpg","width":1890,"height":934},{"@type":"BreadcrumbList","@id":"https:\/\/www.bluehouse.fr\/JB6\/carnet-de-vol\/project\/la-legende-de-la-coupe-icare\/#breadcrumb","itemListElement":[{"@type":"ListItem","position":1,"name":"Accueil","item":"https:\/\/www.bluehouse.fr\/JB6\/carnet-de-vol\/"},{"@type":"ListItem","position":2,"name":"Projets","item":"https:\/\/www.bluehouse.fr\/JB6\/carnet-de-vol\/project\/"},{"@type":"ListItem","position":3,"name":"La l\u00e9gende de la coupe Icare"}]},{"@type":"WebSite","@id":"https:\/\/www.bluehouse.fr\/JB6\/carnet-de-vol\/#website","url":"https:\/\/www.bluehouse.fr\/JB6\/carnet-de-vol\/","name":"Carnet de Vol","description":"Carnet de Vol Parapente","publisher":{"@id":"https:\/\/www.bluehouse.fr\/JB6\/carnet-de-vol\/#organization"},"potentialAction":[{"@type":"SearchAction","target":{"@type":"EntryPoint","urlTemplate":"https:\/\/www.bluehouse.fr\/JB6\/carnet-de-vol\/?s={search_term_string}"},"query-input":{"@type":"PropertyValueSpecification","valueRequired":true,"valueName":"search_term_string"}}],"inLanguage":"fr-FR"},{"@type":"Organization","@id":"https:\/\/www.bluehouse.fr\/JB6\/carnet-de-vol\/#organization","name":"Carnet de Vol","url":"https:\/\/www.bluehouse.fr\/JB6\/carnet-de-vol\/","logo":{"@type":"ImageObject","inLanguage":"fr-FR","@id":"https:\/\/www.bluehouse.fr\/JB6\/carnet-de-vol\/#\/schema\/logo\/image\/","url":"https:\/\/www.bluehouse.fr\/JB6\/carnet-de-vol\/wp-content\/uploads\/2023\/11\/logo.png","contentUrl":"https:\/\/www.bluehouse.fr\/JB6\/carnet-de-vol\/wp-content\/uploads\/2023\/11\/logo.png","width":400,"height":400,"caption":"Carnet de Vol"},"image":{"@id":"https:\/\/www.bluehouse.fr\/JB6\/carnet-de-vol\/#\/schema\/logo\/image\/"}}]}},"jetpack_sharing_enabled":true,"_links":{"self":[{"href":"https:\/\/www.bluehouse.fr\/JB6\/carnet-de-vol\/wp-json\/wp\/v2\/project\/240593","targetHints":{"allow":["GET"]}}],"collection":[{"href":"https:\/\/www.bluehouse.fr\/JB6\/carnet-de-vol\/wp-json\/wp\/v2\/project"}],"about":[{"href":"https:\/\/www.bluehouse.fr\/JB6\/carnet-de-vol\/wp-json\/wp\/v2\/types\/project"}],"author":[{"embeddable":true,"href":"https:\/\/www.bluehouse.fr\/JB6\/carnet-de-vol\/wp-json\/wp\/v2\/users\/57"}],"replies":[{"embeddable":true,"href":"https:\/\/www.bluehouse.fr\/JB6\/carnet-de-vol\/wp-json\/wp\/v2\/comments?post=240593"}],"version-history":[{"count":8,"href":"https:\/\/www.bluehouse.fr\/JB6\/carnet-de-vol\/wp-json\/wp\/v2\/project\/240593\/revisions"}],"predecessor-version":[{"id":241573,"href":"https:\/\/www.bluehouse.fr\/JB6\/carnet-de-vol\/wp-json\/wp\/v2\/project\/240593\/revisions\/241573"}],"wp:featuredmedia":[{"embeddable":true,"href":"https:\/\/www.bluehouse.fr\/JB6\/carnet-de-vol\/wp-json\/wp\/v2\/media\/240600"}],"wp:attachment":[{"href":"https:\/\/www.bluehouse.fr\/JB6\/carnet-de-vol\/wp-json\/wp\/v2\/media?parent=240593"}],"wp:term":[{"taxonomy":"project_category","embeddable":true,"href":"https:\/\/www.bluehouse.fr\/JB6\/carnet-de-vol\/wp-json\/wp\/v2\/project_category?post=240593"},{"taxonomy":"project_tag","embeddable":true,"href":"https:\/\/www.bluehouse.fr\/JB6\/carnet-de-vol\/wp-json\/wp\/v2\/project_tag?post=240593"}],"curies":[{"name":"wp","href":"https:\/\/api.w.org\/{rel}","templated":true}]}}